{"id":2426,"date":"2022-12-17T00:00:26","date_gmt":"2022-12-16T22:00:26","guid":{"rendered":"https:\/\/zepgis.de\/%d8%a8%d8%b5%d9%85%d8%a9-2\/"},"modified":"2025-08-05T15:56:31","modified_gmt":"2025-08-05T13:56:31","slug":"imprint","status":"publish","type":"page","link":"https:\/\/zepgis.de\/ar\/imprint\/","title":{"rendered":"\u0628\u0635\u0645\u0629"},"content":{"rendered":"\n<p>ZePGiS e.V. &#8211; Zentrum f\u00fcr psychosoziale Gesundheit in Schaumburg<br>Echternstra\u00dfe 5<br>31655 Stadthagen<\/p>\n\n\n\n<p>\u0633\u062c\u0644 \u0627\u0644\u062c\u0645\u0639\u064a\u0627\u062a: VR 200370<br>\u0645\u062d\u0643\u0645\u0629 \u0627\u0644\u062a\u0633\u062c\u064a\u0644: Amtsgericht Stadthagen<\/p>\n\n\n\n<p><strong>\u064a\u0645\u062b\u0644\u0647\u0627:<\/strong><br>\u0644\u064a\u0627\u0646 \u0645\u0627\u0631\u062a\u0646\u0632<br>\u0643\u0644\u0627\u0648\u0633 \u0634\u062a\u0631\u064a\u0645\u0628\u0644<br>\u0643\u064a\u0631\u0633\u062a\u064a\u0646 \u062a\u064a\u0644\u0631<\/p>\n\n\n\n<h2 class=\"wp-block-heading\">\u0627\u0644\u0627\u062a\u0635\u0627\u0644<\/h2>\n\n\n\n<p>\u0627\u0644\u0647\u0627\u062a\u0641: \u200e+49 (0)1514 4229694<br>\u0627\u0644\u0628\u0631\u064a\u062f \u0627\u0644\u0625\u0644\u0643\u062a\u0631\u0648\u0646\u064a: info@zepgis.de<\/p>\n\n\n\n<h2 class=\"wp-block-heading\">\u0627\u0644\u0645\u0633\u0624\u0648\u0644\u0648\u0646 \u0639\u0646 \u0627\u0644\u062a\u062d\u0631\u064a\u0631<\/h2>\n\n\n\n<p>\u0633\u0648\u0646\u064a\u062a\u0627 \u0645\u0627\u0631\u064a\u0627 \u0643\u0648\u0645\u0627\u0631<br>\u0643\u064a\u0631\u0633\u062a\u064a\u0646 \u062a\u064a\u0644\u0631<\/p>\n\n\n\n<h2 class=\"wp-block-heading\">\u062a\u0633\u0648\u064a\u0629 \u0627\u0644\u0645\u0646\u0627\u0632\u0639\u0627\u062a \u0627\u0644\u0627\u0633\u062a\u0647\u0644\u0627\u0643\u064a\u0629\/\u0647\u064a\u0626\u0629 \u0627\u0644\u062a\u0648\u0641\u064a\u0642 \u0627\u0644\u0634\u0627\u0645\u0644\u0629<\/h2>\n\n\n\n<p>\u0646\u062d\u0646 \u063a\u064a\u0631 \u0645\u0633\u062a\u0639\u062f\u064a\u0646 \u0623\u0648 \u0645\u0644\u0632\u0645\u064a\u0646 \u0628\u0627\u0644\u0645\u0634\u0627\u0631\u0643\u0629 \u0641\u064a \u0625\u062c\u0631\u0627\u0621\u0627\u062a \u062a\u0633\u0648\u064a\u0629 \u0627\u0644\u0645\u0646\u0627\u0632\u0639\u0627\u062a \u0623\u0645\u0627\u0645 \u0647\u064a\u0626\u0629 \u062a\u0648\u0641\u064a\u0642 \u0627\u0633\u062a\u0647\u0644\u0627\u0643\u064a\u0629.<\/p>\n\n\n\n<p><\/p>\n","protected":false},"excerpt":{"rendered":"<p>ZePGiS e.V. &#8211; Zentrum f\u00fcr psychosoziale Gesundheit in SchaumburgEchternstra\u00dfe 531655 Stadthagen \u0633\u062c\u0644 \u0627\u0644\u062c\u0645\u0639\u064a\u0627\u062a: VR 200370\u0645\u062d\u0643\u0645\u0629 \u0627\u0644\u062a\u0633\u062c\u064a\u0644: Amtsgericht Stadthagen \u064a\u0645\u062b\u0644\u0647\u0627:\u0644\u064a\u0627\u0646 \u0645\u0627\u0631\u062a\u0646\u0632\u0643\u0644\u0627\u0648\u0633 \u0634\u062a\u0631\u064a\u0645\u0628\u0644\u0643\u064a\u0631\u0633\u062a\u064a\u0646 \u062a\u064a\u0644\u0631 \u0627\u0644\u0627\u062a\u0635\u0627\u0644 \u0627\u0644\u0647\u0627\u062a\u0641: \u200e+49 (0)1514 4229694\u0627\u0644\u0628\u0631\u064a\u062f \u0627\u0644\u0625\u0644\u0643\u062a\u0631\u0648\u0646\u064a: info@zepgis.de \u0627\u0644\u0645\u0633\u0624\u0648\u0644\u0648\u0646 \u0639\u0646 \u0627\u0644\u062a\u062d\u0631\u064a\u0631 \u0633\u0648\u0646\u064a\u062a\u0627 \u0645\u0627\u0631\u064a\u0627 \u0643\u0648\u0645\u0627\u0631\u0643\u064a\u0631\u0633\u062a\u064a\u0646 \u062a\u064a\u0644\u0631 \u062a\u0633\u0648\u064a\u0629 \u0627\u0644\u0645\u0646\u0627\u0632\u0639\u0627\u062a \u0627\u0644\u0627\u0633\u062a\u0647\u0644\u0627\u0643\u064a\u0629\/\u0647\u064a\u0626\u0629 \u0627\u0644\u062a\u0648\u0641\u064a\u0642 \u0627\u0644\u0634\u0627\u0645\u0644\u0629 \u0646\u062d\u0646 \u063a\u064a\u0631 \u0645\u0633\u062a\u0639\u062f\u064a\u0646 \u0623\u0648 \u0645\u0644\u0632\u0645\u064a\u0646 \u0628\u0627\u0644\u0645\u0634\u0627\u0631\u0643\u0629 \u0641\u064a \u0625\u062c\u0631\u0627\u0621\u0627\u062a \u062a\u0633\u0648\u064a\u0629 \u0627\u0644\u0645\u0646\u0627\u0632\u0639\u0627\u062a \u0623\u0645\u0627\u0645 \u0647\u064a\u0626\u0629 \u062a\u0648\u0641\u064a\u0642 \u0627\u0633\u062a\u0647\u0644\u0627\u0643\u064a\u0629.<\/p>\n","protected":false},"author":1,"featured_media":0,"parent":0,"menu_order":0,"comment_status":"closed","ping_status":"closed","template":"","meta":{"inline_featured_image":false,"footnotes":""},"class_list":["post-2426","page","type-page","status-publish","hentry"],"yoast_head":"<!-- This site is optimized with the Yoast SEO plugin v27.4 - https:\/\/yoast.com\/product\/yoast-seo-wordpress\/ -->\n<title>\u0628\u0635\u0645\u0629 - ZEPGIS - Zentrum f\u00fcr psychosoziale Gesundheit in Schaumburg<\/title>\n<meta name=\"robots\" content=\"noindex, nofollow\" \/>\n<meta property=\"og:locale\" content=\"ar_AR\" \/>\n<meta property=\"og:type\" content=\"article\" \/>\n<meta property=\"og:title\" content=\"\u0628\u0635\u0645\u0629 - ZEPGIS - Zentrum f\u00fcr psychosoziale Gesundheit in Schaumburg\" \/>\n<meta property=\"og:description\" content=\"ZePGiS e.V. &#8211; Zentrum f\u00fcr psychosoziale Gesundheit in SchaumburgEchternstra\u00dfe 531655 Stadthagen \u0633\u062c\u0644 \u0627\u0644\u062c\u0645\u0639\u064a\u0627\u062a: VR 200370\u0645\u062d\u0643\u0645\u0629 \u0627\u0644\u062a\u0633\u062c\u064a\u0644: Amtsgericht Stadthagen \u064a\u0645\u062b\u0644\u0647\u0627:\u0644\u064a\u0627\u0646 \u0645\u0627\u0631\u062a\u0646\u0632\u0643\u0644\u0627\u0648\u0633 \u0634\u062a\u0631\u064a\u0645\u0628\u0644\u0643\u064a\u0631\u0633\u062a\u064a\u0646 \u062a\u064a\u0644\u0631 \u0627\u0644\u0627\u062a\u0635\u0627\u0644 \u0627\u0644\u0647\u0627\u062a\u0641: \u200e+49 (0)1514 4229694\u0627\u0644\u0628\u0631\u064a\u062f \u0627\u0644\u0625\u0644\u0643\u062a\u0631\u0648\u0646\u064a: info@zepgis.de \u0627\u0644\u0645\u0633\u0624\u0648\u0644\u0648\u0646 \u0639\u0646 \u0627\u0644\u062a\u062d\u0631\u064a\u0631 \u0633\u0648\u0646\u064a\u062a\u0627 \u0645\u0627\u0631\u064a\u0627 \u0643\u0648\u0645\u0627\u0631\u0643\u064a\u0631\u0633\u062a\u064a\u0646 \u062a\u064a\u0644\u0631 \u062a\u0633\u0648\u064a\u0629 \u0627\u0644\u0645\u0646\u0627\u0632\u0639\u0627\u062a \u0627\u0644\u0627\u0633\u062a\u0647\u0644\u0627\u0643\u064a\u0629\/\u0647\u064a\u0626\u0629 \u0627\u0644\u062a\u0648\u0641\u064a\u0642 \u0627\u0644\u0634\u0627\u0645\u0644\u0629 \u0646\u062d\u0646 \u063a\u064a\u0631 \u0645\u0633\u062a\u0639\u062f\u064a\u0646 \u0623\u0648 \u0645\u0644\u0632\u0645\u064a\u0646 \u0628\u0627\u0644\u0645\u0634\u0627\u0631\u0643\u0629 \u0641\u064a \u0625\u062c\u0631\u0627\u0621\u0627\u062a \u062a\u0633\u0648\u064a\u0629 \u0627\u0644\u0645\u0646\u0627\u0632\u0639\u0627\u062a \u0623\u0645\u0627\u0645 \u0647\u064a\u0626\u0629 \u062a\u0648\u0641\u064a\u0642 \u0627\u0633\u062a\u0647\u0644\u0627\u0643\u064a\u0629.\" \/>\n<meta property=\"og:url\" content=\"https:\/\/zepgis.de\/ar\/imprint\/\" \/>\n<meta property=\"og:site_name\" content=\"ZEPGIS - Zentrum f\u00fcr psychosoziale Gesundheit in Schaumburg\" \/>\n<meta property=\"article:modified_time\" content=\"2025-08-05T13:56:31+00:00\" \/>\n<meta name=\"twitter:card\" content=\"summary_large_image\" \/>\n<meta name=\"twitter:label1\" content=\"\u0648\u0642\u062a \u0627\u0644\u0642\u0631\u0627\u0621\u0629 \u0627\u0644\u0645\u064f\u0642\u062f\u0651\u0631\" \/>\n\t<meta name=\"twitter:data1\" content=\"1 \u062f\u0642\u064a\u0642\u0629\" \/>\n<!-- \/ Yoast SEO plugin. -->","yoast_head_json":{"title":"\u0628\u0635\u0645\u0629 - ZEPGIS - Zentrum f\u00fcr psychosoziale Gesundheit in Schaumburg","robots":{"index":"noindex","follow":"nofollow"},"og_locale":"ar_AR","og_type":"article","og_title":"\u0628\u0635\u0645\u0629 - ZEPGIS - Zentrum f\u00fcr psychosoziale Gesundheit in Schaumburg","og_description":"ZePGiS e.V. &#8211; Zentrum f\u00fcr psychosoziale Gesundheit in SchaumburgEchternstra\u00dfe 531655 Stadthagen \u0633\u062c\u0644 \u0627\u0644\u062c\u0645\u0639\u064a\u0627\u062a: VR 200370\u0645\u062d\u0643\u0645\u0629 \u0627\u0644\u062a\u0633\u062c\u064a\u0644: Amtsgericht Stadthagen \u064a\u0645\u062b\u0644\u0647\u0627:\u0644\u064a\u0627\u0646 \u0645\u0627\u0631\u062a\u0646\u0632\u0643\u0644\u0627\u0648\u0633 \u0634\u062a\u0631\u064a\u0645\u0628\u0644\u0643\u064a\u0631\u0633\u062a\u064a\u0646 \u062a\u064a\u0644\u0631 \u0627\u0644\u0627\u062a\u0635\u0627\u0644 \u0627\u0644\u0647\u0627\u062a\u0641: \u200e+49 (0)1514 4229694\u0627\u0644\u0628\u0631\u064a\u062f \u0627\u0644\u0625\u0644\u0643\u062a\u0631\u0648\u0646\u064a: info@zepgis.de \u0627\u0644\u0645\u0633\u0624\u0648\u0644\u0648\u0646 \u0639\u0646 \u0627\u0644\u062a\u062d\u0631\u064a\u0631 \u0633\u0648\u0646\u064a\u062a\u0627 \u0645\u0627\u0631\u064a\u0627 \u0643\u0648\u0645\u0627\u0631\u0643\u064a\u0631\u0633\u062a\u064a\u0646 \u062a\u064a\u0644\u0631 \u062a\u0633\u0648\u064a\u0629 \u0627\u0644\u0645\u0646\u0627\u0632\u0639\u0627\u062a \u0627\u0644\u0627\u0633\u062a\u0647\u0644\u0627\u0643\u064a\u0629\/\u0647\u064a\u0626\u0629 \u0627\u0644\u062a\u0648\u0641\u064a\u0642 \u0627\u0644\u0634\u0627\u0645\u0644\u0629 \u0646\u062d\u0646 \u063a\u064a\u0631 \u0645\u0633\u062a\u0639\u062f\u064a\u0646 \u0623\u0648 \u0645\u0644\u0632\u0645\u064a\u0646 \u0628\u0627\u0644\u0645\u0634\u0627\u0631\u0643\u0629 \u0641\u064a \u0625\u062c\u0631\u0627\u0621\u0627\u062a \u062a\u0633\u0648\u064a\u0629 \u0627\u0644\u0645\u0646\u0627\u0632\u0639\u0627\u062a \u0623\u0645\u0627\u0645 \u0647\u064a\u0626\u0629 \u062a\u0648\u0641\u064a\u0642 \u0627\u0633\u062a\u0647\u0644\u0627\u0643\u064a\u0629.","og_url":"https:\/\/zepgis.de\/ar\/imprint\/","og_site_name":"ZEPGIS - Zentrum f\u00fcr psychosoziale Gesundheit in Schaumburg","article_modified_time":"2025-08-05T13:56:31+00:00","twitter_card":"summary_large_image","twitter_misc":{"\u0648\u0642\u062a \u0627\u0644\u0642\u0631\u0627\u0621\u0629 \u0627\u0644\u0645\u064f\u0642\u062f\u0651\u0631":"1 \u062f\u0642\u064a\u0642\u0629"},"schema":{"@context":"https:\/\/schema.org","@graph":[{"@type":"WebPage","@id":"https:\/\/zepgis.de\/ar\/imprint\/","url":"https:\/\/zepgis.de\/ar\/imprint\/","name":"\u0628\u0635\u0645\u0629 - ZEPGIS - Zentrum f\u00fcr psychosoziale Gesundheit in Schaumburg","isPartOf":{"@id":"https:\/\/zepgis.de\/ar\/#website"},"datePublished":"2022-12-16T22:00:26+00:00","dateModified":"2025-08-05T13:56:31+00:00","breadcrumb":{"@id":"https:\/\/zepgis.de\/ar\/imprint\/#breadcrumb"},"inLanguage":"ar","potentialAction":[{"@type":"ReadAction","target":["https:\/\/zepgis.de\/ar\/imprint\/"]}]},{"@type":"BreadcrumbList","@id":"https:\/\/zepgis.de\/ar\/imprint\/#breadcrumb","itemListElement":[{"@type":"ListItem","position":1,"name":"Startseite","item":"https:\/\/zepgis.de\/ar\/"},{"@type":"ListItem","position":2,"name":"\u0628\u0635\u0645\u0629"}]},{"@type":"WebSite","@id":"https:\/\/zepgis.de\/ar\/#website","url":"https:\/\/zepgis.de\/ar\/","name":"ZePGiS e.V. - Zentrum f\u00fcr psychosoziale Gesundheit in Schaumburg","description":"","publisher":{"@id":"https:\/\/zepgis.de\/ar\/#organization"},"potentialAction":[{"@type":"SearchAction","target":{"@type":"EntryPoint","urlTemplate":"https:\/\/zepgis.de\/ar\/?s={search_term_string}"},"query-input":{"@type":"PropertyValueSpecification","valueRequired":true,"valueName":"search_term_string"}}],"inLanguage":"ar"},{"@type":"Organization","@id":"https:\/\/zepgis.de\/ar\/#organization","name":"ZEPGIS - Zentrum f\u00fcr psychosoziale Gesundheit in Schaumburg","url":"https:\/\/zepgis.de\/ar\/","logo":{"@type":"ImageObject","inLanguage":"ar","@id":"https:\/\/zepgis.de\/ar\/#\/schema\/logo\/image\/","url":"https:\/\/zepgis.de\/wp-content\/uploads\/2024\/02\/Logo_Web.svg","contentUrl":"https:\/\/zepgis.de\/wp-content\/uploads\/2024\/02\/Logo_Web.svg","width":198,"height":100,"caption":"ZEPGIS - Zentrum f\u00fcr psychosoziale Gesundheit in Schaumburg"},"image":{"@id":"https:\/\/zepgis.de\/ar\/#\/schema\/logo\/image\/"}}]}},"_links":{"self":[{"href":"https:\/\/zepgis.de\/ar\/wp-json\/wp\/v2\/pages\/2426","targetHints":{"allow":["GET"]}}],"collection":[{"href":"https:\/\/zepgis.de\/ar\/wp-json\/wp\/v2\/pages"}],"about":[{"href":"https:\/\/zepgis.de\/ar\/wp-json\/wp\/v2\/types\/page"}],"author":[{"embeddable":true,"href":"https:\/\/zepgis.de\/ar\/wp-json\/wp\/v2\/users\/1"}],"replies":[{"embeddable":true,"href":"https:\/\/zepgis.de\/ar\/wp-json\/wp\/v2\/comments?post=2426"}],"version-history":[{"count":5,"href":"https:\/\/zepgis.de\/ar\/wp-json\/wp\/v2\/pages\/2426\/revisions"}],"predecessor-version":[{"id":2818,"href":"https:\/\/zepgis.de\/ar\/wp-json\/wp\/v2\/pages\/2426\/revisions\/2818"}],"wp:attachment":[{"href":"https:\/\/zepgis.de\/ar\/wp-json\/wp\/v2\/media?parent=2426"}],"curies":[{"name":"wp","href":"https:\/\/api.w.org\/{rel}","templated":true}]}}