{"id":2452,"date":"2023-05-29T12:58:13","date_gmt":"2023-05-29T10:58:13","guid":{"rendered":"https:\/\/zepgis.de\/gizlilik-politikasi\/"},"modified":"2025-08-06T09:50:11","modified_gmt":"2025-08-06T07:50:11","slug":"gizlilik-politikasi","status":"publish","type":"page","link":"https:\/\/zepgis.de\/tr\/gizlilik-politikasi\/","title":{"rendered":"Gizlilik Politikas\u0131"},"content":{"rendered":"\n<h2 class=\"wp-block-heading\">1. Genel bilgi<\/h2>\n\n\n\n<p>A\u015fa\u011f\u0131daki bilgiler, bu web sitesini ziyaret etti\u011finizde ki\u015fisel verilerinize ne oldu\u011funa dair basit bir genel bak\u0131\u015f sa\u011flar. Ki\u015fisel veriler, sizi ki\u015fisel olarak tan\u0131mlamak i\u00e7in kullan\u0131labilecek her t\u00fcrl\u00fc veridir. Veri koruma konusuna ili\u015fkin ayr\u0131nt\u0131l\u0131 bilgileri bu metnin alt\u0131nda yer alan veri koruma beyan\u0131m\u0131zda bulabilirsiniz.  <\/p>\n\n\n\n<h3 class=\"wp-block-heading\">Bu web sitesinde veri toplama<\/h3>\n\n\n\n<h4 class=\"wp-block-heading\">Bu web sitesinde veri toplanmas\u0131ndan kim sorumludur?<\/h4>\n\n\n\n<p>Bu web sitesindeki veri i\u015fleme web sitesi operat\u00f6r\u00fc taraf\u0131ndan ger\u00e7ekle\u015ftirilir. Operat\u00f6r\u00fcn ileti\u015fim bilgilerini bu gizlilik politikas\u0131n\u0131n &#8220;Kontrol\u00f6r hakk\u0131nda bilgiler&#8221; b\u00f6l\u00fcm\u00fcnde bulabilirsiniz. <\/p>\n\n\n\n<h4 class=\"wp-block-heading\">Verilerinizi nas\u0131l topluyoruz?<\/h4>\n\n\n\n<p>Bir yandan, verileriniz bize sa\u011flad\u0131\u011f\u0131n\u0131zda toplan\u0131r. Bu, \u00f6rne\u011fin, bir ileti\u015fim formuna girdi\u011finiz veriler olabilir. <\/p>\n\n\n\n<p>Di\u011fer veriler, web sitesini ziyaret etti\u011finizde BT sistemlerimiz taraf\u0131ndan otomatik olarak veya sizin izninizle toplan\u0131r. Bunlar \u00f6ncelikle teknik verilerdir (\u00f6rne\u011fin internet taray\u0131c\u0131s\u0131, i\u015fletim sistemi veya sayfa g\u00f6r\u00fcnt\u00fcleme s\u00fcresi). Bu veriler, bu web sitesine girdi\u011finiz anda otomatik olarak toplan\u0131r.  <\/p>\n\n\n\n<h4 class=\"wp-block-heading\">Verilerinizi ne i\u00e7in kullan\u0131yoruz?<\/h4>\n\n\n\n<p>Verilerin bir k\u0131sm\u0131, web sitesinin hatas\u0131z bir \u015fekilde sunulmas\u0131n\u0131 sa\u011flamak i\u00e7in toplan\u0131r. Di\u011fer veriler kullan\u0131c\u0131 davran\u0131\u015f\u0131n\u0131z\u0131 analiz etmek i\u00e7in kullan\u0131labilir. S\u00f6zle\u015fmeler web sitesi \u00fczerinden yap\u0131labiliyor veya ba\u015flat\u0131labiliyorsa, iletilen veriler s\u00f6zle\u015fme teklifleri, sipari\u015fler veya di\u011fer sipari\u015f talepleri i\u00e7in de i\u015flenecektir.  <\/p>\n\n\n\n<h4 class=\"wp-block-heading\">Verilerinizle ilgili hangi haklara sahipsiniz?<\/h4>\n\n\n\n<p>Saklanan ki\u015fisel verilerinizin kayna\u011f\u0131, al\u0131c\u0131s\u0131 ve amac\u0131 hakk\u0131nda istedi\u011finiz zaman \u00fccretsiz olarak bilgi alma hakk\u0131na sahipsiniz. Ayr\u0131ca bu verilerin d\u00fczeltilmesini veya silinmesini talep etme hakk\u0131na da sahipsiniz. Veri i\u015fleme i\u00e7in onay verdiyseniz, bu onay\u0131 istedi\u011finiz zaman gelecek i\u00e7in iptal edebilirsiniz. Ayr\u0131ca, belirli ko\u015fullar alt\u0131nda ki\u015fisel verilerinizin i\u015flenmesinin k\u0131s\u0131tlanmas\u0131n\u0131 talep etme hakk\u0131na da sahipsiniz. Ayr\u0131ca, yetkili denetim makam\u0131na \u015fikayette bulunma hakk\u0131na da sahipsiniz.    <\/p>\n\n\n\n<p>Veri koruma konusunda ba\u015fka sorular\u0131n\u0131z varsa istedi\u011finiz zaman bizimle ileti\u015fime ge\u00e7ebilirsiniz.<\/p>\n\n\n\n<h3 class=\"wp-block-heading\">\u00dc\u00e7\u00fcnc\u00fc taraf sa\u011flay\u0131c\u0131lar\u0131n analiz ara\u00e7lar\u0131 ve ara\u00e7lar\u0131<\/h3>\n\n\n\n<p>Bu web sitesini ziyaret etti\u011finizde, gezinme davran\u0131\u015f\u0131n\u0131z istatistiksel olarak de\u011ferlendirilebilir. Bu esas olarak s\u00f6zde analiz programlar\u0131 ile yap\u0131l\u0131r. <\/p>\n\n\n\n<p>Bu analiz programlar\u0131 hakk\u0131nda ayr\u0131nt\u0131l\u0131 bilgi a\u015fa\u011f\u0131daki gizlilik politikas\u0131nda bulunabilir.<\/p>\n\n\n\n<h2 class=\"wp-block-heading\">2. bar\u0131nd\u0131rma<\/h2>\n\n\n\n<p>Web sitemizin i\u00e7eri\u011fini a\u015fa\u011f\u0131daki sa\u011flay\u0131c\u0131 ile bar\u0131nd\u0131r\u0131yoruz:<\/p>\n\n\n\n<h3 class=\"wp-block-heading\">Harici bar\u0131nd\u0131rma<\/h3>\n\n\n\n<p>Bu web sitesi harici olarak bar\u0131nd\u0131r\u0131lmaktad\u0131r. Bu web sitesinde toplanan ki\u015fisel veriler, bar\u0131nd\u0131r\u0131c\u0131(lar)\u0131n sunucular\u0131nda saklan\u0131r. Bu veriler IP adresleri, ileti\u015fim talepleri, meta ve ileti\u015fim verileri, s\u00f6zle\u015fme verileri, ileti\u015fim bilgileri, isimler, web sitesi eri\u015fimleri ve bir web sitesi arac\u0131l\u0131\u011f\u0131yla olu\u015fturulan di\u011fer verileri i\u00e7erebilir.  <\/p>\n\n\n\n<p>Harici bar\u0131nd\u0131rma, potansiyel ve mevcut m\u00fc\u015fterilerimizle s\u00f6zle\u015fmenin yerine getirilmesi amac\u0131yla (GDPR Madde 6 Paragraf 1 Bent b) ve \u00e7evrimi\u00e7i teklifimizin profesyonel bir sa\u011flay\u0131c\u0131 taraf\u0131ndan g\u00fcvenli, h\u0131zl\u0131 ve verimli bir \u015fekilde sa\u011flanmas\u0131 amac\u0131yla (GDPR Madde 6 Paragraf 1 Bent f) ger\u00e7ekle\u015ftirilir. \u0130lgili bir onay talep edilmi\u015fse, onay \u00e7erezlerin depolanmas\u0131n\u0131 veya TDDDG anlam\u0131nda kullan\u0131c\u0131n\u0131n terminal cihaz\u0131ndaki bilgilere eri\u015fimi (\u00f6rn. cihaz parmak izi) i\u00e7erdi\u011fi s\u00fcrece, i\u015fleme yaln\u0131zca GDPR Madde 6 paragraf 1 litre a ve TDDDG Madde 25 paragraf 1 temelinde ger\u00e7ekle\u015ftirilir. Onay her zaman iptal edilebilir.     <\/p>\n\n\n\n<p>Bar\u0131nd\u0131r\u0131c\u0131(lar)\u0131m\u0131z verilerinizi yaln\u0131zca performans y\u00fck\u00fcml\u00fcl\u00fcklerini yerine getirmek ve bu verilerle ilgili talimatlar\u0131m\u0131z\u0131 takip etmek i\u00e7in gerekli oldu\u011fu \u00f6l\u00e7\u00fcde i\u015fleyecektir.<\/p>\n\n\n\n<p>A\u015fa\u011f\u0131daki bar\u0131nd\u0131r\u0131c\u0131(lar)\u0131 kullan\u0131yoruz:<\/p>\n\n\n\n<p>Steffen Schiffel GmbH<br>L\u00fcbbecker Str. 161<br>32429 Minden<br>E-posta: info@schiffel.it<\/p>\n\n\n\n<h4 class=\"wp-block-heading\">Sipari\u015f i\u015fleme<\/h4>\n\n\n\n<p>Yukar\u0131da belirtilen hizmetin kullan\u0131m\u0131 i\u00e7in bir veri i\u015fleme s\u00f6zle\u015fmesi (DPA) imzalad\u0131k. Bu, veri koruma yasas\u0131 taraf\u0131ndan \u00f6ng\u00f6r\u00fclen ve web sitesi ziyaret\u00e7ilerimizin ki\u015fisel verilerini yaln\u0131zca talimatlar\u0131m\u0131za uygun olarak ve GDPR&#8217;ye uygun olarak i\u015flemeyi garanti eden bir s\u00f6zle\u015fmedir. <\/p>\n\n\n\n<h2 class=\"wp-block-heading\">3 Genel notlar ve zorunlu bilgiler<\/h2>\n\n\n\n<h3 class=\"wp-block-heading\">Veri koruma<\/h3>\n\n\n\n<p>Bu sayfalar\u0131n operat\u00f6rleri ki\u015fisel verilerinizin korunmas\u0131n\u0131 \u00e7ok ciddiye almaktad\u0131r. Ki\u015fisel verilerinizi gizli ve yasal veri koruma d\u00fczenlemelerine ve bu gizlilik politikas\u0131na uygun olarak ele al\u0131yoruz. <\/p>\n\n\n\n<p>Bu web sitesini kulland\u0131\u011f\u0131n\u0131zda, \u00e7e\u015fitli ki\u015fisel veriler toplan\u0131r. Ki\u015fisel veriler, sizi ki\u015fisel olarak tan\u0131mlamak i\u00e7in kullan\u0131labilecek verilerdir. Bu gizlilik politikas\u0131 hangi verileri toplad\u0131\u011f\u0131m\u0131z\u0131 ve bunlar\u0131 ne i\u00e7in kulland\u0131\u011f\u0131m\u0131z\u0131 a\u00e7\u0131klamaktad\u0131r. Ayr\u0131ca bunun nas\u0131l ve ne ama\u00e7la yap\u0131ld\u0131\u011f\u0131n\u0131 da a\u00e7\u0131klar.   <\/p>\n\n\n\n<p>\u0130nternet \u00fczerinden veri aktar\u0131m\u0131n\u0131n (\u00f6rne\u011fin e-posta ile ileti\u015fim kurarken) g\u00fcvenlik a\u00e7\u0131klar\u0131na tabi olabilece\u011fini belirtmek isteriz. Verilerin \u00fc\u00e7\u00fcnc\u00fc taraflar\u0131n eri\u015fimine kar\u015f\u0131 tam olarak korunmas\u0131 m\u00fcmk\u00fcn de\u011fildir. <\/p>\n\n\n\n<h3 class=\"wp-block-heading\">Sorumlu kurulu\u015f hakk\u0131nda not<\/h3>\n\n\n\n<p>Bu web sitesindeki veri i\u015flemeden sorumlu kontrol\u00f6r<\/p>\n\n\n\n<p>ZePGiS e.V. &#8211; Schaumburg Psiko-Sosyal Sa\u011fl\u0131k Merkezi<br>Echternstra\u00dfe 5<br>31655 Stadthagen<\/p>\n\n\n\n<p>Telefon: +49 (0)1514 4229694<br>E-posta: info@zepgis.de<\/p>\n\n\n\n<p>Kontrol\u00f6r, ki\u015fisel verilerin (\u00f6rne\u011fin isimler, e-posta adresleri vb.) i\u015flenme ama\u00e7lar\u0131n\u0131 ve ara\u00e7lar\u0131n\u0131 tek ba\u015f\u0131na veya ba\u015fkalar\u0131yla birlikte belirleyen ger\u00e7ek veya t\u00fczel ki\u015fidir.<\/p>\n\n\n\n<h3 class=\"wp-block-heading\">Depolama s\u00fcresi<\/h3>\n\n\n\n<p>Bu gizlilik politikas\u0131nda daha spesifik bir saklama s\u00fcresi belirtilmedi\u011fi s\u00fcrece, ki\u015fisel verileriniz, veri i\u015fleme amac\u0131 art\u0131k ge\u00e7erli olmayana kadar bizde kalacakt\u0131r. Silme i\u00e7in hakl\u0131 bir talepte bulunursan\u0131z veya veri i\u015fleme izninizi iptal ederseniz, ki\u015fisel verilerinizi saklamak i\u00e7in yasal olarak izin verilen ba\u015fka nedenlerimiz olmad\u0131\u011f\u0131 s\u00fcrece verileriniz silinecektir (\u00f6rne\u011fin, vergi veya ticaret hukuku kapsam\u0131ndaki saklama s\u00fcreleri); ikinci durumda, silme i\u015flemi bu nedenler art\u0131k ge\u00e7erli olmad\u0131ktan sonra ger\u00e7ekle\u015fecektir. <\/p>\n\n\n\n<h3 class=\"wp-block-heading\">Bu web sitesinde veri i\u015flemenin yasal dayana\u011f\u0131 hakk\u0131nda genel bilgiler<\/h3>\n\n\n\n<p>Veri i\u015flemeye izin verdiyseniz, ki\u015fisel verilerinizi GDPR&#8217;nin 6. maddesinin 1. f\u0131kras\u0131n\u0131n a bendi veya GDPR&#8217;nin 9. maddesinin 2. f\u0131kras\u0131n\u0131n a bendi uyar\u0131nca, GDPR&#8217;nin 9. maddesinin 1. f\u0131kras\u0131 uyar\u0131nca \u00f6zel veri kategorileri i\u015flendi\u011fi s\u00fcrece i\u015fleriz. Ki\u015fisel verilerin \u00fc\u00e7\u00fcnc\u00fc \u00fclkelere aktar\u0131lmas\u0131na a\u00e7\u0131k\u00e7a izin verilmesi durumunda, veri i\u015fleme ayr\u0131ca GDPR Madde 49 paragraf 1 lit. a temelinde ger\u00e7ekle\u015ftirilir. \u00c7erezlerin depolanmas\u0131na veya son cihaz\u0131n\u0131zdaki bilgilere eri\u015fime (\u00f6rne\u011fin cihaz parmak izi yoluyla) izin verdiyseniz, veri i\u015fleme ayr\u0131ca TDDDG Madde 25 (1) temelinde ger\u00e7ekle\u015ftirilir. Onay her zaman iptal edilebilir. Verileriniz bir s\u00f6zle\u015fmenin yerine getirilmesi veya s\u00f6zle\u015fme \u00f6ncesi \u00f6nlemlerin uygulanmas\u0131 i\u00e7in gerekliyse, verilerinizi GDPR Madde 6 paragraf 1 lit. b temelinde i\u015fleriz. Ayr\u0131ca, GDPR Madde 6 paragraf 1 lit. c temelinde yasal bir y\u00fck\u00fcml\u00fcl\u00fc\u011f\u00fc yerine getirmek i\u00e7in gerekli olmas\u0131 halinde verilerinizi i\u015fleriz. Veri i\u015fleme, GDPR Madde 6 paragraf 1 litre f uyar\u0131nca me\u015fru menfaatimiz temelinde de ger\u00e7ekle\u015ftirilebilir. Her bir durumda ilgili yasal dayanaklara ili\u015fkin bilgiler, bu gizlilik politikas\u0131n\u0131n a\u015fa\u011f\u0131daki paragraflar\u0131nda verilmektedir.                     <\/p>\n\n\n\n<h3 class=\"wp-block-heading\">Verilerin veri koruma yasas\u0131 kapsam\u0131nda g\u00fcvenli olmayan \u00fc\u00e7\u00fcnc\u00fc \u00fclkelere aktar\u0131lmas\u0131 ve DPF sertifikal\u0131 olmayan ABD \u015firketlerine aktar\u0131lmas\u0131 hakk\u0131nda not<\/h3>\n\n\n\n<p>Di\u011fer \u015feylerin yan\u0131 s\u0131ra, veri koruma yasas\u0131 kapsam\u0131nda g\u00fcvenli olmayan \u00fc\u00e7\u00fcnc\u00fc \u00fclkelerde bulunan \u015firketlerin ara\u00e7lar\u0131n\u0131 ve sa\u011flay\u0131c\u0131lar\u0131 AB-ABD Veri Gizlili\u011fi \u00c7er\u00e7evesi (DPF) kapsam\u0131nda sertifikal\u0131 olmayan ABD ara\u00e7lar\u0131n\u0131 kullan\u0131yoruz. Bu ara\u00e7lar\u0131n aktif olmas\u0131 durumunda ki\u015fisel verileriniz bu \u00fclkelere aktar\u0131labilir ve orada i\u015flenebilir. Veri koruma yasas\u0131 kapsam\u0131nda g\u00fcvenli olmayan \u00fc\u00e7\u00fcnc\u00fc \u00fclkelerde AB&#8217;dekine benzer bir veri koruma seviyesinin garanti edilemeyece\u011fini belirtmek isteriz.  <\/p>\n\n\n\n<p>G\u00fcvenli bir \u00fc\u00e7\u00fcnc\u00fc \u00fclke olarak ABD&#8217;nin genel olarak AB ile kar\u015f\u0131la\u015ft\u0131r\u0131labilir bir veri koruma seviyesine sahip oldu\u011funu belirtmek isteriz. Bu nedenle, al\u0131c\u0131n\u0131n &#8220;AB-ABD Veri Gizlili\u011fi \u00c7er\u00e7evesi&#8221; (DPF) kapsam\u0131nda sertifikaland\u0131r\u0131lmas\u0131 veya uygun ek garantilere sahip olmas\u0131 durumunda ABD&#8217;ye veri aktar\u0131m\u0131na izin verilir. Veri al\u0131c\u0131lar\u0131 da dahil olmak \u00fczere \u00fc\u00e7\u00fcnc\u00fc \u00fclkelere yap\u0131lan aktar\u0131mlara ili\u015fkin bilgiler bu gizlilik politikas\u0131nda bulunabilir.  <\/p>\n\n\n\n<h3 class=\"wp-block-heading\">Ki\u015fisel verilerin al\u0131c\u0131lar\u0131<\/h3>\n\n\n\n<p>Ticari faaliyetlerimizin bir par\u00e7as\u0131 olarak \u00e7e\u015fitli harici kurulu\u015flarla birlikte \u00e7al\u0131\u015f\u0131yoruz. Baz\u0131 durumlarda, ki\u015fisel verilerin bu harici kurulu\u015flara aktar\u0131lmas\u0131 da gereklidir. Ki\u015fisel verileri harici kurulu\u015flara yaln\u0131zca bir s\u00f6zle\u015fmenin yerine getirilmesi i\u00e7in gerekliyse, yasal olarak bunu yapmak zorundaysak (\u00f6rne\u011fin vergi makamlar\u0131na veri aktarmak), GDPR Madde 6 paragraf 1 lit. f uyar\u0131nca aktar\u0131mda me\u015fru bir menfaatimiz varsa veya verilerin aktar\u0131lmas\u0131na ba\u015fka bir yasal dayanak izin veriyorsa aktar\u0131r\u0131z. \u0130\u015flemcileri kullan\u0131rken, m\u00fc\u015fterilerimizin ki\u015fisel verilerini yaln\u0131zca sipari\u015f i\u015fleme i\u00e7in ge\u00e7erli bir s\u00f6zle\u015fme temelinde aktar\u0131r\u0131z. Ortak i\u015fleme durumunda, bir ortak i\u015fleme s\u00f6zle\u015fmesi imzalan\u0131r.      <\/p>\n\n\n\n<h3 class=\"wp-block-heading\">Veri i\u015fleme izninizin iptali<\/h3>\n\n\n\n<p>Bir\u00e7ok veri i\u015fleme i\u015flemi yaln\u0131zca sizin a\u00e7\u0131k r\u0131zan\u0131zla m\u00fcmk\u00fcnd\u00fcr. Onay\u0131n\u0131z\u0131 istedi\u011finiz zaman geri \u00e7ekebilirsiniz. \u0130ptal edilene kadar ger\u00e7ekle\u015ftirilen veri i\u015flemenin yasall\u0131\u011f\u0131, iptalden etkilenmez.  <\/p>\n\n\n\n<h3 class=\"wp-block-heading\">\u00d6zel durumlarda verilerin toplanmas\u0131na ve do\u011frudan pazarlamaya itiraz etme hakk\u0131 (GDPR Madde 21)<\/h3>\n\n\n\n<p>VERI I\u015eLEMENIN MADDEYE DAYALI OLMASI HALINDE. 6 ABS. 1 LIT. E VEYA F GDPR&#8217;YE DAYANIYORSA, \u00d6ZEL DURUMUNUZLA I\u0307LGI\u0307LI\u0307 GEREK\u00c7ELERLE KI\u0307\u015eI\u0307SEL VERI\u0307LERI\u0307NI\u0307ZI\u0307N I\u0307\u015eLENMESI\u0307NE HER ZAMAN I\u0307TI\u0307RAZ ETME HAKKINIZ VARDIR; BU AYNI ZAMANDA BU H\u00dcK\u00dcMLERE DAYALI PROFI\u0307LLEME I\u0307\u00c7I\u0307N DE GE\u00c7ERLI\u0307DI\u0307R. I\u0307\u015eLEMENI\u0307N DAYANDI\u011eI I\u0307LGI\u0307LI\u0307 YASAL DAYANAK BU GI\u0307ZLI\u0307LI\u0307K POLI\u0307TI\u0307KASINDA BULUNABI\u0307LI\u0307R. I\u0307TI\u0307RAZ ETMENI\u0307Z DURUMUNDA, I\u0307\u015eLEME I\u0307\u00c7I\u0307N MENFAATLERI\u0307NI\u0307ZI\u0307, HAKLARINIZI VE \u00d6ZG\u00dcRL\u00dcKLERI\u0307NI\u0307ZI\u0307 GE\u00c7ERSI\u0307Z KILAN ZORLAYICI ME\u015eRU GEREK\u00c7ELER G\u00d6STEREMEDI\u0307\u011eI\u0307MI\u0307Z VEYA I\u0307\u015eLEMENI\u0307N YASAL TALEPLERI\u0307N OLU\u015eTURULMASINA, UYGULANMASINA VEYA SAVUNULMASINA HI\u0307ZMET ETMEDI\u0307\u011eI\u0307 S\u00dcRECE (GDPR MADDE 21 PARAGRAF 1 UYARINCA I\u0307TI\u0307RAZ) I\u0307LGI\u0307LI\u0307 KI\u0307\u015eI\u0307SEL VERI\u0307LERI\u0307NI\u0307ZI\u0307 ARTIK I\u0307\u015eLEMEYECE\u011eI\u0307Z.    <\/p>\n\n\n\n<p>KI\u0307\u015eI\u0307SEL VERI\u0307LERI\u0307NI\u0307Z DO\u011eRUDAN PAZARLAMA AMACIYLA I\u0307\u015eLENI\u0307YORSA, S\u00d6Z KONUSU PAZARLAMA AMACIYLA SI\u0307ZI\u0307NLE I\u0307LGI\u0307LI\u0307 KI\u0307\u015eI\u0307SEL VERI\u0307LERI\u0307N I\u0307\u015eLENMESI\u0307NE I\u0307STEDI\u0307\u011eI\u0307NI\u0307Z ZAMAN I\u0307TI\u0307RAZ ETME HAKKINIZ VARDIR; BU, S\u00d6Z KONUSU DO\u011eRUDAN PAZARLAMA I\u0307LE I\u0307LGI\u0307LI\u0307 OLDU\u011eU \u00d6L\u00c7\u00dcDE PROFI\u0307L OLU\u015eTURMA I\u0307\u00c7I\u0307N DE GE\u00c7ERLI\u0307DI\u0307R I\u0307TI\u0307RAZ ETMENI\u0307Z DURUMUNDA, KI\u0307\u015eI\u0307SEL VERI\u0307LERI\u0307NI\u0307Z DAHA SONRA DO\u011eRUDAN PAZARLAMA AMACIYLA KULLANILMAYACAKTIR (GDPR MADDE 21 PARAGRAF 2 UYARINCA I\u0307TI\u0307RAZ). <\/p>\n\n\n\n<h3 class=\"wp-block-heading\">Yetkili denetim makam\u0131na \u015fikayette bulunma hakk\u0131<\/h3>\n\n\n\n<p>GDPR&#8217;nin ihlal edilmesi durumunda, veri sahipleri, \u00f6zellikle ikamet ettikleri, \u00e7al\u0131\u015ft\u0131klar\u0131 veya iddia edilen ihlalin ger\u00e7ekle\u015fti\u011fi \u00dcye Devletteki bir denetim makam\u0131na \u015fikayette bulunma hakk\u0131na sahiptir. \u015eikayette bulunma hakk\u0131, di\u011fer idari veya adli \u00e7\u00f6z\u00fcm yollar\u0131na halel getirmez. <\/p>\n\n\n\n<h3 class=\"wp-block-heading\">Veri ta\u015f\u0131nabilirli\u011fi hakk\u0131<\/h3>\n\n\n\n<p>Onay\u0131n\u0131za dayanarak veya bir s\u00f6zle\u015fmenin yerine getirilmesi i\u00e7in otomatik olarak i\u015fledi\u011fimiz verilerin size veya \u00fc\u00e7\u00fcnc\u00fc bir tarafa yayg\u0131n olarak kullan\u0131lan, makine taraf\u0131ndan okunabilir bir formatta teslim edilmesini sa\u011flama hakk\u0131na sahipsiniz. Verilerin ba\u015fka bir denetleyiciye do\u011frudan aktar\u0131lmas\u0131n\u0131 talep ederseniz, bu yaln\u0131zca teknik olarak m\u00fcmk\u00fcn oldu\u011fu \u00f6l\u00e7\u00fcde yap\u0131lacakt\u0131r. <\/p>\n\n\n\n<h3 class=\"wp-block-heading\">Bilgi, d\u00fczeltme ve silme<\/h3>\n\n\n\n<p>Y\u00fcr\u00fcrl\u00fckteki yasal h\u00fck\u00fcmler \u00e7er\u00e7evesinde, saklanan ki\u015fisel verileriniz, bunlar\u0131n kayna\u011f\u0131 ve al\u0131c\u0131s\u0131 ve veri i\u015flemenin amac\u0131 hakk\u0131nda istedi\u011finiz zaman \u00fccretsiz bilgi alma ve gerekirse bu verileri d\u00fczeltme veya silme hakk\u0131na sahipsiniz. Ki\u015fisel veriler konusunda ba\u015fka sorular\u0131n\u0131z varsa istedi\u011finiz zaman bizimle ileti\u015fime ge\u00e7ebilirsiniz. <\/p>\n\n\n\n<h3 class=\"wp-block-heading\">\u0130\u015flemenin k\u0131s\u0131tlanmas\u0131 hakk\u0131<\/h3>\n\n\n\n<p>Ki\u015fisel verilerinizin i\u015flenmesinin k\u0131s\u0131tlanmas\u0131n\u0131 talep etme hakk\u0131na sahipsiniz. Bunu yapmak i\u00e7in istedi\u011finiz zaman bizimle ileti\u015fime ge\u00e7ebilirsiniz. \u0130\u015flemenin k\u0131s\u0131tlanmas\u0131 hakk\u0131 a\u015fa\u011f\u0131daki durumlarda mevcuttur:  <\/p>\n\n\n\n<ul class=\"wp-block-list\">\n<li>Taraf\u0131m\u0131zca saklanan ki\u015fisel verilerinizin do\u011frulu\u011funa itiraz ederseniz, bunu kontrol etmek i\u00e7in genellikle zamana ihtiyac\u0131m\u0131z vard\u0131r. \u0130nceleme s\u00fcresi boyunca, ki\u015fisel verilerinizin i\u015flenmesinin k\u0131s\u0131tlanmas\u0131n\u0131 talep etme hakk\u0131na sahipsiniz. <\/li>\n\n\n\n<li>Ki\u015fisel verilerinizin i\u015flenmesinin hukuka ayk\u0131r\u0131 olmas\u0131 durumunda, silme yerine veri i\u015flemenin k\u0131s\u0131tlanmas\u0131n\u0131 talep edebilirsiniz.<\/li>\n\n\n\n<li>Ki\u015fisel verilerinize art\u0131k ihtiyac\u0131m\u0131z yoksa, ancak yasal taleplerin uygulanmas\u0131, savunulmas\u0131 veya ileri s\u00fcr\u00fclmesi i\u00e7in ihtiyac\u0131n\u0131z varsa, ki\u015fisel verilerinizin silinmesi yerine i\u015flenmesinin k\u0131s\u0131tlanmas\u0131n\u0131 talep etme hakk\u0131na sahipsiniz.<\/li>\n\n\n\n<li>GDPR Madde 21 (1) uyar\u0131nca bir itirazda bulunduysan\u0131z, sizin ve bizim \u00e7\u0131karlar\u0131m\u0131z aras\u0131nda bir denge kurulmal\u0131d\u0131r. Kimin \u00e7\u0131karlar\u0131n\u0131n \u00fcst\u00fcn geldi\u011fi hen\u00fcz belirlenmedi\u011fi s\u00fcrece, ki\u015fisel verilerinizin i\u015flenmesinin k\u0131s\u0131tlanmas\u0131n\u0131 talep etme hakk\u0131na sahipsiniz.  <\/li>\n<\/ul>\n\n\n\n<p>Ki\u015fisel verilerinizin i\u015flenmesini k\u0131s\u0131tlad\u0131ysan\u0131z, bu veriler &#8211; saklanmas\u0131 d\u0131\u015f\u0131nda &#8211; yaln\u0131zca sizin izninizle veya yasal taleplerin olu\u015fturulmas\u0131, uygulanmas\u0131 veya savunulmas\u0131 veya ba\u015fka bir ger\u00e7ek veya t\u00fczel ki\u015finin haklar\u0131n\u0131n korunmas\u0131 veya Avrupa Birli\u011fi&#8217;nin veya bir \u00dcye Devletin \u00f6nemli kamu yarar\u0131 nedenleriyle i\u015flenebilir.<\/p>\n\n\n\n<h3 class=\"wp-block-heading\">SSL veya TLS \u015fifreleme<\/h3>\n\n\n\n<p>Bu site, g\u00fcvenlik nedenleriyle ve site operat\u00f6r\u00fc olarak bize g\u00f6nderdi\u011finiz sipari\u015fler veya sorular gibi gizli i\u00e7eriklerin iletimini korumak i\u00e7in SSL veya TLS \u015fifreleme kullan\u0131r. \u015eifrelenmi\u015f bir ba\u011flant\u0131y\u0131, taray\u0131c\u0131n\u0131z\u0131n adres sat\u0131r\u0131n\u0131n &#8220;http:\/\/&#8221; yerine &#8220;https:\/\/&#8221; olarak de\u011fi\u015fmesinden ve taray\u0131c\u0131 sat\u0131r\u0131n\u0131zdaki kilit sembol\u00fcnden anlayabilirsiniz. <\/p>\n\n\n\n<p>SSL veya TLS \u015fifrelemesi etkinle\u015ftirilirse, bize iletti\u011finiz veriler \u00fc\u00e7\u00fcnc\u00fc taraflarca okunamaz.<\/p>\n\n\n\n<h3 class=\"wp-block-heading\">Reklam e-postalar\u0131na itiraz<\/h3>\n\n\n\n<p>Yasal bildirim y\u00fck\u00fcml\u00fcl\u00fc\u011f\u00fcm\u00fcz\u00fcn bir par\u00e7as\u0131 olarak yay\u0131nlanan ileti\u015fim verilerinin istenmeyen reklam ve bilgi materyalleri g\u00f6ndermek amac\u0131yla kullan\u0131lmas\u0131na itiraz ediyoruz. Bu web sitesinin operat\u00f6rleri, spam e-postalar gibi istenmeyen reklam bilgilerinin g\u00f6nderilmesi durumunda yasal i\u015flem yapma hakk\u0131n\u0131 a\u00e7\u0131k\u00e7a sakl\u0131 tutar. <\/p>\n\n\n\n<h2 class=\"wp-block-heading\">4. bu web si\u0307tesi\u0307nde veri\u0307 toplama<\/h2>\n\n\n\n<h3 class=\"wp-block-heading\">\u00c7erezler<\/h3>\n\n\n\n<p>\u0130nternet sayfalar\u0131m\u0131zda &#8220;\u00e7erezler&#8221; kullan\u0131lmaktad\u0131r. \u00c7erezler k\u00fc\u00e7\u00fck veri paketleridir ve son cihaz\u0131n\u0131za herhangi bir zarar vermezler. Cihaz\u0131n\u0131zda ya bir oturum s\u00fcresince ge\u00e7ici olarak (oturum \u00e7erezleri) ya da kal\u0131c\u0131 olarak (kal\u0131c\u0131 \u00e7erezler) saklan\u0131rlar. Oturum \u00e7erezleri ziyaretinizin sonunda otomatik olarak silinir. Kal\u0131c\u0131 \u00e7erezler, siz kendiniz silene veya web taray\u0131c\u0131n\u0131z taraf\u0131ndan otomatik olarak silinene kadar son cihaz\u0131n\u0131zda saklanmaya devam eder.    <\/p>\n\n\n\n<p>\u00c7erezler bizden (birinci taraf \u00e7erezleri) veya \u00fc\u00e7\u00fcnc\u00fc taraf \u015firketlerden (\u00fc\u00e7\u00fcnc\u00fc taraf \u00e7erezleri olarak adland\u0131r\u0131l\u0131r) kaynaklanabilir. \u00dc\u00e7\u00fcnc\u00fc taraf \u00e7erezleri, \u00fc\u00e7\u00fcnc\u00fc taraf \u015firketlerden gelen belirli hizmetlerin web sitelerine entegre edilmesini sa\u011flar (\u00f6rne\u011fin, \u00f6deme hizmetlerini i\u015flemek i\u00e7in \u00e7erezler). <\/p>\n\n\n\n<p>\u00c7erezlerin \u00e7e\u015fitli i\u015flevleri vard\u0131r. Bir\u00e7ok \u00e7erez teknik olarak gereklidir, \u00e7\u00fcnk\u00fc belirli web sitesi i\u015flevleri bunlar olmadan \u00e7al\u0131\u015fmaz (\u00f6rne\u011fin, al\u0131\u015fveri\u015f sepeti i\u015flevi veya videolar\u0131n g\u00f6r\u00fcnt\u00fclenmesi). Di\u011fer \u00e7erezler kullan\u0131c\u0131 davran\u0131\u015f\u0131n\u0131 analiz etmek veya reklam amac\u0131yla kullan\u0131labilir.  <\/p>\n\n\n\n<p>Elektronik ileti\u015fim s\u00fcrecini y\u00fcr\u00fctmek, talep etti\u011finiz belirli i\u015flevleri sa\u011flamak (\u00f6rn. al\u0131\u015fveri\u015f sepeti i\u015flevi i\u00e7in) veya web sitesini optimize etmek (\u00f6rn. web kitlesini \u00f6l\u00e7mek i\u00e7in \u00e7erezler) i\u00e7in gerekli olan \u00e7erezler (gerekli \u00e7erezler), ba\u015fka bir yasal dayanak belirtilmedik\u00e7e, GDPR Madde 6 paragraf 1 lit. f temelinde saklan\u0131r. Web sitesi operat\u00f6r\u00fc, hizmetlerinin teknik olarak hatas\u0131z ve optimize edilmi\u015f bir \u015fekilde sunulmas\u0131 i\u00e7in gerekli \u00e7erezlerin saklanmas\u0131nda me\u015fru bir menfaate sahiptir. \u00c7erezlerin ve benzer tan\u0131ma teknolojilerinin saklanmas\u0131 i\u00e7in onay talep edilmi\u015fse, i\u015fleme yaln\u0131zca bu onay temelinde ger\u00e7ekle\u015ftirilir (GDPR Madde 6 Paragraf 1 Bent a ve TDDDG Madde 25 Paragraf 1); onay her zaman iptal edilebilir.    <\/p>\n\n\n\n<p>Taray\u0131c\u0131n\u0131z\u0131, \u00e7erezlerin ayarlanmas\u0131 hakk\u0131nda bilgilendirilecek ve yaln\u0131zca bireysel durumlarda \u00e7erezlere izin verecek, belirli durumlar i\u00e7in veya genel olarak \u00e7erezlerin kabul edilmesini hari\u00e7 tutacak ve taray\u0131c\u0131y\u0131 kapat\u0131rken \u00e7erezlerin otomatik olarak silinmesini etkinle\u015ftirecek \u015fekilde ayarlayabilirsiniz. \u00c7erezler devre d\u0131\u015f\u0131 b\u0131rak\u0131l\u0131rsa, bu web sitesinin i\u015flevselli\u011fi k\u0131s\u0131tlanabilir. <\/p>\n\n\n\n<p>Bu web sitesinde hangi \u00e7erezlerin ve hizmetlerin kullan\u0131ld\u0131\u011f\u0131n\u0131 bu gizlilik politikas\u0131nda bulabilirsiniz.<\/p>\n\n\n\n<h3 class=\"wp-block-heading\">Borlabs \u00c7erezi ile Onay<\/h3>\n\n\n\n<p>Web sitemiz, taray\u0131c\u0131n\u0131zda belirli \u00e7erezlerin depolanmas\u0131na veya belirli teknolojilerin kullan\u0131m\u0131na ili\u015fkin onay\u0131n\u0131z\u0131 almak ve bunlar\u0131 veri koruma d\u00fczenlemelerine uygun olarak belgelemek i\u00e7in Borlabs \u00c7erez onay\u0131 teknolojisini kullan\u0131r. Bu teknolojinin sa\u011flay\u0131c\u0131s\u0131 Borlabs GmbH, R\u00fcbenkamp 32, 22305 Hamburg, Almanya&#8217;d\u0131r (bundan b\u00f6yle Borlabs olarak an\u0131lacakt\u0131r). <\/p>\n\n\n\n<p>Web sitemize girdi\u011finizde, taray\u0131c\u0131n\u0131zda verdi\u011finiz onaylar\u0131n veya bu onaylar\u0131n iptalinin sakland\u0131\u011f\u0131 bir Borlabs \u00e7erezi saklan\u0131r. Bu veriler Borlabs \u00c7erezinin sa\u011flay\u0131c\u0131s\u0131na aktar\u0131lmaz. <\/p>\n\n\n\n<p>Toplanan veriler, siz bizden silmemizi veya Borlabs \u00e7erezini kendiniz silmemizi isteyene kadar veya verilerin saklanma amac\u0131 art\u0131k ge\u00e7erli olmayana kadar saklanacakt\u0131r. Zorunlu yasal saklama s\u00fcreleri bundan etkilenmez. Borlabs \u00c7erezi taraf\u0131ndan veri i\u015flemeye ili\u015fkin ayr\u0131nt\u0131lar <a href=\"https:\/\/de.borlabs.io\/kb\/welche-daten-speichert-borlabs-cookie\/\" target=\"_blank\" rel=\"noreferrer noopener\">https:\/\/de.borlabs.io\/kb\/welche-daten-speichert-borlabs-cookie\/<\/a> adresinde bulunabilir.  <\/p>\n\n\n\n<p>Borlabs \u00e7erez onay\u0131 teknolojisi, \u00e7erezlerin kullan\u0131m\u0131 i\u00e7in yasal olarak gerekli onay\u0131 almak i\u00e7in kullan\u0131l\u0131r. Bunun yasal dayana\u011f\u0131 GDPR Madde 6 paragraf 1 lit. c&#8217;dir.   <\/p>\n\n\n\n<h2 class=\"wp-block-heading\">5. anali\u0307z ara\u00e7lari ve reklamcilik<\/h2>\n\n\n\n<h3 class=\"wp-block-heading\">WP \u0130statistikleri<\/h3>\n\n\n\n<p>Bu web sitesi, ziyaret\u00e7i eri\u015fimini istatistiksel olarak analiz etmek i\u00e7in WP Statistics analiz arac\u0131n\u0131 kullanmaktad\u0131r. Sa\u011flay\u0131c\u0131 Veronalabs, Tatari 64, 10134, Tallinn, Estonya&#8217;d\u0131r<a href=\"https:\/\/veronalabs.com\" target=\"_blank\" rel=\"noreferrer noopener\">(https:\/\/veronalabs.com)<\/a>. <\/p>\n\n\n\n<p>WP Statistics ile web sitemizin kullan\u0131m\u0131n\u0131 analiz edebiliriz. WP Statistics, g\u00fcnl\u00fck dosyalar\u0131n\u0131 (IP adresi, y\u00f6nlendiren, kullan\u0131lan taray\u0131c\u0131, kullan\u0131c\u0131n\u0131n k\u00f6keni, kullan\u0131lan arama motoru) ve web sitesi ziyaret\u00e7ilerinin sayfada ger\u00e7ekle\u015ftirdi\u011fi eylemleri (\u00f6r. t\u0131klamalar ve g\u00f6r\u00fcnt\u00fclemeler) kaydeder. <\/p>\n\n\n\n<p>WP Statistics ile toplanan veriler yaln\u0131zca kendi sunucumuzda saklan\u0131r.<\/p>\n\n\n\n<p>Bu analiz arac\u0131, GDPR&#8217;nin 6. maddesinin 1. f\u0131kras\u0131n\u0131n f bendi temelinde kullan\u0131lmaktad\u0131r. Hem web sitemizi hem de reklamlar\u0131m\u0131z\u0131 optimize etmek i\u00e7in kullan\u0131c\u0131 davran\u0131\u015f\u0131n\u0131n anonimle\u015ftirilmi\u015f analizinde me\u015fru bir menfaatimiz vard\u0131r. \u0130lgili bir onay talep edilmi\u015fse, onay \u00e7erezlerin depolanmas\u0131n\u0131 veya TDDDG anlam\u0131nda kullan\u0131c\u0131n\u0131n terminal cihaz\u0131ndaki bilgilere eri\u015fimi (\u00f6rn. cihaz parmak izi) i\u00e7erdi\u011fi s\u00fcrece, i\u015fleme yaln\u0131zca GDPR Madde 6 paragraf 1 lit. a ve TDDDG Madde 25 paragraf 1 temelinde ger\u00e7ekle\u015ftirilir. Onay her zaman iptal edilebilir.        <\/p>\n\n\n\n<h4 class=\"wp-block-heading\">IP anonimle\u015ftirme<\/h4>\n\n\n\n<p>WP Statistics&#8217;i anonimle\u015ftirilmi\u015f IP ile kullan\u0131yoruz. IP adresiniz, art\u0131k do\u011frudan size atanamayacak \u015fekilde k\u0131salt\u0131l\u0131r. <\/p>\n\n\n\n<h2 class=\"wp-block-heading\">6. eklentiler ve ara\u00e7lar<\/h2>\n\n\n\n<h3 class=\"wp-block-heading\">OpenStreetMap<\/h3>\n\n\n\n<p>OpenStreetMap (OSM) harita hizmetini kullan\u0131yoruz.<\/p>\n\n\n\n<p>OpenStreetMap&#8217;teki harita materyalini OpenStreetMap Foundation, St John&#8217;s Innovation Centre, Cowley Road, Cambridge, CB4 0WS, Birle\u015fik Krall\u0131k sunucusuna entegre ediyoruz. Birle\u015fik Krall\u0131k, veri koruma yasas\u0131 kapsam\u0131nda g\u00fcvenli bir \u00fc\u00e7\u00fcnc\u00fc \u00fclke olarak kabul edilir. Bu, B\u00fcy\u00fck Britanya&#8217;n\u0131n Avrupa Birli\u011fi&#8217;ndeki veri koruma d\u00fczeyine kar\u015f\u0131l\u0131k gelen bir veri koruma d\u00fczeyine sahip oldu\u011fu anlam\u0131na gelir. OpenStreetMap haritalar\u0131n\u0131 kullan\u0131rken, OpenStreetMap Vakf\u0131 sunucular\u0131na bir ba\u011flant\u0131 kurulur. Di\u011fer \u015feylerin yan\u0131 s\u0131ra, IP adresiniz ve bu web sitesindeki davran\u0131\u015f\u0131n\u0131zla ilgili di\u011fer bilgiler OSMF&#8217;ye iletilebilir. Bu ama\u00e7la, OpenStreetMap taray\u0131c\u0131n\u0131zda \u00e7erezleri saklayabilir veya benzer tan\u0131ma teknolojilerini kullanabilir.     <\/p>\n\n\n\n<p>OpenStreetMap kullan\u0131m\u0131, \u00e7evrimi\u00e7i tekliflerimizin \u00e7ekici bir \u015fekilde sunulmas\u0131 ve web sitesinde taraf\u0131m\u0131zdan belirtilen yerlerin kolay bulunabilirli\u011fi i\u00e7indir. Bu, GDPR&#8217;nin 6. maddesinin 1. f\u0131kras\u0131n\u0131n f bendi anlam\u0131nda me\u015fru bir menfaat te\u015fkil eder. \u0130lgili bir onay talep edilmi\u015fse, onay \u00e7erezlerin depolanmas\u0131n\u0131 veya TDDDG anlam\u0131nda kullan\u0131c\u0131n\u0131n terminal cihaz\u0131ndaki bilgilere eri\u015fimi (\u00f6rn. cihaz parmak izi) i\u00e7erdi\u011fi s\u00fcrece, i\u015fleme yaln\u0131zca GDPR Madde 6 paragraf 1 lit. a ve TDDDG Madde 25 paragraf 1 temelinde ger\u00e7ekle\u015ftirilir. Onay her zaman iptal edilebilir.        <\/p>\n\n\n\n<h3 class=\"wp-block-heading\">Wordfence<\/h3>\n\n\n\n<p>Bu web sitesine Wordfence&#8217;i entegre ettik. Sa\u011flay\u0131c\u0131 Defiant Inc, Defiant, Inc, 800 5th Ave Ste 4100, Seattle, WA 98104, ABD&#8217;dir (bundan sonra &#8220;Wordfence&#8221; olarak an\u0131lacakt\u0131r).<\/p>\n\n\n\n<p>Wordfence, web sitemizi istenmeyen eri\u015fimlerden veya k\u00f6t\u00fc niyetli siber sald\u0131r\u0131lardan korumaya yarar. Bu ama\u00e7la web sitemiz Wordfence sunucular\u0131na kal\u0131c\u0131 bir ba\u011flant\u0131 kurar, b\u00f6ylece Wordfence kendi veri tabanlar\u0131n\u0131 web sitemize yap\u0131lan eri\u015fimlerle kar\u015f\u0131la\u015ft\u0131rabilir ve gerekirse bunlar\u0131 engelleyebilir. <\/p>\n\n\n\n<p>Wordfence kullan\u0131m\u0131 GDPR&#8217;nin 6. maddesinin 1. f\u0131kras\u0131n\u0131n f bendine dayanmaktad\u0131r. Web sitesi operat\u00f6r\u00fc, web sitesini siber sald\u0131r\u0131lara kar\u015f\u0131 m\u00fcmk\u00fcn oldu\u011funca etkili bir \u015fekilde korumak konusunda me\u015fru bir menfaate sahiptir. \u0130lgili bir onay talep edilmi\u015fse, onay \u00e7erezlerin depolanmas\u0131n\u0131 veya TDDDG anlam\u0131nda kullan\u0131c\u0131n\u0131n terminal cihaz\u0131ndaki bilgilere eri\u015fimi (\u00f6rn. cihaz parmak izi) i\u00e7erdi\u011fi s\u00fcrece, i\u015fleme yaln\u0131zca GDPR Madde 6 paragraf 1 lit. a ve TDDDG Madde 25 paragraf 1 temelinde ger\u00e7ekle\u015ftirilir. Onay her zaman iptal edilebilir.        <\/p>\n\n\n\n<p>ABD&#8217;ye veri aktar\u0131m\u0131 AB Komisyonu&#8217;nun standart s\u00f6zle\u015fme maddelerine dayanmaktad\u0131r. Ayr\u0131nt\u0131lar\u0131 burada bulabilirsiniz: <a href=\"https:\/\/www.wordfence.com\/help\/general-data-protection-regulation\/\" target=\"_blank\" rel=\"noreferrer noopener\">https:\/\/www.wordfence.com\/help\/general-data-protection-regulation\/.<\/a> <\/p>\n\n\n\n<h4 class=\"wp-block-heading\">Sipari\u015f i\u015fleme<\/h4>\n\n\n\n<p>Yukar\u0131da belirtilen hizmetin kullan\u0131m\u0131 i\u00e7in bir veri i\u015fleme s\u00f6zle\u015fmesi (DPA) imzalad\u0131k. Bu, veri koruma yasas\u0131 taraf\u0131ndan \u00f6ng\u00f6r\u00fclen ve web sitesi ziyaret\u00e7ilerimizin ki\u015fisel verilerini yaln\u0131zca talimatlar\u0131m\u0131za uygun olarak ve GDPR&#8217;ye uygun olarak i\u015flemeyi garanti eden bir s\u00f6zle\u015fmedir.<\/p>\n","protected":false},"excerpt":{"rendered":"<p>1. Genel bilgi A\u015fa\u011f\u0131daki bilgiler, bu web sitesini ziyaret etti\u011finizde ki\u015fisel verilerinize ne oldu\u011funa dair basit bir genel bak\u0131\u015f sa\u011flar. Ki\u015fisel veriler, sizi ki\u015fisel olarak tan\u0131mlamak i\u00e7in kullan\u0131labilecek her t\u00fcrl\u00fc veridir. Veri koruma konusuna ili\u015fkin ayr\u0131nt\u0131l\u0131 bilgileri bu metnin alt\u0131nda yer alan veri koruma beyan\u0131m\u0131zda bulabilirsiniz. Bu web sitesinde veri toplama Bu web sitesinde veri [&hellip;]<\/p>\n","protected":false},"author":1,"featured_media":0,"parent":0,"menu_order":0,"comment_status":"closed","ping_status":"closed","template":"","meta":{"inline_featured_image":false,"footnotes":""},"class_list":["post-2452","page","type-page","status-publish","hentry"],"yoast_head":"<!-- This site is optimized with the Yoast SEO plugin v27.4 - https:\/\/yoast.com\/product\/yoast-seo-wordpress\/ -->\n<title>Gizlilik Politikas\u0131 - ZEPGIS - Zentrum f\u00fcr psychosoziale Gesundheit in Schaumburg<\/title>\n<meta name=\"robots\" content=\"noindex, nofollow\" \/>\n<meta property=\"og:locale\" content=\"tr_TR\" \/>\n<meta property=\"og:type\" content=\"article\" \/>\n<meta property=\"og:title\" content=\"Gizlilik Politikas\u0131 - ZEPGIS - Zentrum f\u00fcr psychosoziale Gesundheit in Schaumburg\" \/>\n<meta property=\"og:description\" content=\"1. Genel bilgi A\u015fa\u011f\u0131daki bilgiler, bu web sitesini ziyaret etti\u011finizde ki\u015fisel verilerinize ne oldu\u011funa dair basit bir genel bak\u0131\u015f sa\u011flar. Ki\u015fisel veriler, sizi ki\u015fisel olarak tan\u0131mlamak i\u00e7in kullan\u0131labilecek her t\u00fcrl\u00fc veridir. Veri koruma konusuna ili\u015fkin ayr\u0131nt\u0131l\u0131 bilgileri bu metnin alt\u0131nda yer alan veri koruma beyan\u0131m\u0131zda bulabilirsiniz. Bu web sitesinde veri toplama Bu web sitesinde veri [&hellip;]\" \/>\n<meta property=\"og:url\" content=\"https:\/\/zepgis.de\/tr\/gizlilik-politikasi\/\" \/>\n<meta property=\"og:site_name\" content=\"ZEPGIS - Zentrum f\u00fcr psychosoziale Gesundheit in Schaumburg\" \/>\n<meta property=\"article:modified_time\" content=\"2025-08-06T07:50:11+00:00\" \/>\n<meta name=\"twitter:card\" content=\"summary_large_image\" \/>\n<meta name=\"twitter:label1\" content=\"Tahmini okuma s\u00fcresi\" \/>\n\t<meta name=\"twitter:data1\" content=\"16 dakika\" \/>\n<!-- \/ Yoast SEO plugin. -->","yoast_head_json":{"title":"Gizlilik Politikas\u0131 - ZEPGIS - Zentrum f\u00fcr psychosoziale Gesundheit in Schaumburg","robots":{"index":"noindex","follow":"nofollow"},"og_locale":"tr_TR","og_type":"article","og_title":"Gizlilik Politikas\u0131 - ZEPGIS - Zentrum f\u00fcr psychosoziale Gesundheit in Schaumburg","og_description":"1. Genel bilgi A\u015fa\u011f\u0131daki bilgiler, bu web sitesini ziyaret etti\u011finizde ki\u015fisel verilerinize ne oldu\u011funa dair basit bir genel bak\u0131\u015f sa\u011flar. Ki\u015fisel veriler, sizi ki\u015fisel olarak tan\u0131mlamak i\u00e7in kullan\u0131labilecek her t\u00fcrl\u00fc veridir. Veri koruma konusuna ili\u015fkin ayr\u0131nt\u0131l\u0131 bilgileri bu metnin alt\u0131nda yer alan veri koruma beyan\u0131m\u0131zda bulabilirsiniz. Bu web sitesinde veri toplama Bu web sitesinde veri [&hellip;]","og_url":"https:\/\/zepgis.de\/tr\/gizlilik-politikasi\/","og_site_name":"ZEPGIS - Zentrum f\u00fcr psychosoziale Gesundheit in Schaumburg","article_modified_time":"2025-08-06T07:50:11+00:00","twitter_card":"summary_large_image","twitter_misc":{"Tahmini okuma s\u00fcresi":"16 dakika"},"schema":{"@context":"https:\/\/schema.org","@graph":[{"@type":"WebPage","@id":"https:\/\/zepgis.de\/tr\/gizlilik-politikasi\/","url":"https:\/\/zepgis.de\/tr\/gizlilik-politikasi\/","name":"Gizlilik Politikas\u0131 - ZEPGIS - Zentrum f\u00fcr psychosoziale Gesundheit in Schaumburg","isPartOf":{"@id":"https:\/\/zepgis.de\/tr\/#website"},"datePublished":"2023-05-29T10:58:13+00:00","dateModified":"2025-08-06T07:50:11+00:00","breadcrumb":{"@id":"https:\/\/zepgis.de\/tr\/gizlilik-politikasi\/#breadcrumb"},"inLanguage":"tr","potentialAction":[{"@type":"ReadAction","target":["https:\/\/zepgis.de\/tr\/gizlilik-politikasi\/"]}]},{"@type":"BreadcrumbList","@id":"https:\/\/zepgis.de\/tr\/gizlilik-politikasi\/#breadcrumb","itemListElement":[{"@type":"ListItem","position":1,"name":"Startseite","item":"https:\/\/zepgis.de\/tr\/"},{"@type":"ListItem","position":2,"name":"Gizlilik Politikas\u0131"}]},{"@type":"WebSite","@id":"https:\/\/zepgis.de\/tr\/#website","url":"https:\/\/zepgis.de\/tr\/","name":"ZePGiS e.V. - Zentrum f\u00fcr psychosoziale Gesundheit in Schaumburg","description":"","publisher":{"@id":"https:\/\/zepgis.de\/tr\/#organization"},"potentialAction":[{"@type":"SearchAction","target":{"@type":"EntryPoint","urlTemplate":"https:\/\/zepgis.de\/tr\/?s={search_term_string}"},"query-input":{"@type":"PropertyValueSpecification","valueRequired":true,"valueName":"search_term_string"}}],"inLanguage":"tr"},{"@type":"Organization","@id":"https:\/\/zepgis.de\/tr\/#organization","name":"ZEPGIS - Zentrum f\u00fcr psychosoziale Gesundheit in Schaumburg","url":"https:\/\/zepgis.de\/tr\/","logo":{"@type":"ImageObject","inLanguage":"tr","@id":"https:\/\/zepgis.de\/tr\/#\/schema\/logo\/image\/","url":"https:\/\/zepgis.de\/wp-content\/uploads\/2024\/02\/Logo_Web.svg","contentUrl":"https:\/\/zepgis.de\/wp-content\/uploads\/2024\/02\/Logo_Web.svg","width":198,"height":100,"caption":"ZEPGIS - Zentrum f\u00fcr psychosoziale Gesundheit in Schaumburg"},"image":{"@id":"https:\/\/zepgis.de\/tr\/#\/schema\/logo\/image\/"}}]}},"_links":{"self":[{"href":"https:\/\/zepgis.de\/tr\/wp-json\/wp\/v2\/pages\/2452","targetHints":{"allow":["GET"]}}],"collection":[{"href":"https:\/\/zepgis.de\/tr\/wp-json\/wp\/v2\/pages"}],"about":[{"href":"https:\/\/zepgis.de\/tr\/wp-json\/wp\/v2\/types\/page"}],"author":[{"embeddable":true,"href":"https:\/\/zepgis.de\/tr\/wp-json\/wp\/v2\/users\/1"}],"replies":[{"embeddable":true,"href":"https:\/\/zepgis.de\/tr\/wp-json\/wp\/v2\/comments?post=2452"}],"version-history":[{"count":4,"href":"https:\/\/zepgis.de\/tr\/wp-json\/wp\/v2\/pages\/2452\/revisions"}],"predecessor-version":[{"id":2871,"href":"https:\/\/zepgis.de\/tr\/wp-json\/wp\/v2\/pages\/2452\/revisions\/2871"}],"wp:attachment":[{"href":"https:\/\/zepgis.de\/tr\/wp-json\/wp\/v2\/media?parent=2452"}],"curies":[{"name":"wp","href":"https:\/\/api.w.org\/{rel}","templated":true}]}}