{"id":2906,"date":"2025-11-16T14:53:08","date_gmt":"2025-11-16T12:53:08","guid":{"rendered":"https:\/\/zepgis.de\/?page_id=2906"},"modified":"2025-11-16T14:53:29","modified_gmt":"2025-11-16T12:53:29","slug":"zepgis-e-v","status":"publish","type":"page","link":"https:\/\/zepgis.de\/tr\/zepgis-e-v\/","title":{"rendered":"Noel arkada\u015f\u0131"},"content":{"rendered":"\n<h2 class=\"wp-block-heading\">Schaumburg&#8217;da Psikososyal Sa\u011fl\u0131k Merkezi<\/h2>\n\n<p>Schaumburg&#8217;da faaliyet g\u00f6steren <strong>modern ve yenilik\u00e7i bir kurulu\u015f<\/strong> olup, engelli ve k\u0131s\u0131tl\u0131 t\u00fcm insanlar\u0131n sosyal hayata eri\u015fimini sa\u011flamaya kendini adam\u0131\u015ft\u0131r.<\/p>\n\n<p>Bu <strong>k\u0131s\u0131tlamalar\u0131n bir\u00e7o\u011funun g\u00f6r\u00fcnmez<\/strong> oldu\u011funu biliyoruz.<\/p>\n\n<p>Bu nedenle, ki\u015fisel durumlar\u0131 veya fiziksel, zihinsel veya psikolojik k\u0131s\u0131tlamalar\u0131 nedeniyle <strong>kat\u0131l\u0131m i\u00e7in yard\u0131ma<\/strong> ihtiya\u00e7 duyan Schaumburglular\u0131 destekliyoruz.<\/p>\n\n<p>ENGELLI\u0307LER, ENGELLI\u0307LI\u0307K RI\u0307SKI\u0307 ALTINDAKI\u0307LER VE AI\u0307LELERI\u0307 I\u0307\u00c7I\u0307N VARIZ.<\/p>\n\n<p>DERNE\u011eI\u0307MI\u0307Z K\u00dcLT\u00dcREL DUYARLILIK VE \u00c7OK KU\u015eAKLI DOSTLUK ANLAMINA GELI\u0307YOR.<\/p>\n\n<p>\u00c7E\u015eI\u0307TLI\u0307LI\u0307\u011eE SAYGI DUYUYORUZ!<\/p>\n\n<h3 class=\"wp-block-heading\">Bunu neden yap\u0131yoruz<\/h3>\n\n<h4 class=\"wp-block-heading\">Schaumburg Psikososyal Sa\u011fl\u0131k Merkezi&#8217;nde (ZePGiS) sa\u011fl\u0131\u011fa b\u00fct\u00fcnsel bir yakla\u015f\u0131m benimsiyoruz.<\/h4>\n\n<p>Bizim i\u00e7in psikososyal sa\u011fl\u0131k, hastal\u0131k ve engellilik nedeniyle hayat\u0131n dengesi bozuldu\u011funda bile her insan\u0131n kendi i\u00e7 dengesini bulabilmesi anlam\u0131na gelmektedir.<\/p>\n\n<p>Bu dengeyi yeniden kurman\u0131n m\u00fcmk\u00fcn oldu\u011funa inan\u0131yoruz. Do\u011fru bilgi ve yard\u0131ma eri\u015fim \u00e7ok \u00f6nemlidir ve biz tam da bu noktada devreye giriyoruz. <\/p>\n","protected":false},"excerpt":{"rendered":"<p>Schaumburg&#8217;da Psikososyal Sa\u011fl\u0131k Merkezi Schaumburg&#8217;da faaliyet g\u00f6steren modern ve yenilik\u00e7i bir kurulu\u015f olup, engelli ve k\u0131s\u0131tl\u0131 t\u00fcm insanlar\u0131n sosyal hayata eri\u015fimini sa\u011flamaya kendini adam\u0131\u015ft\u0131r. Bu k\u0131s\u0131tlamalar\u0131n bir\u00e7o\u011funun g\u00f6r\u00fcnmez oldu\u011funu biliyoruz. Bu nedenle, ki\u015fisel durumlar\u0131 veya fiziksel, zihinsel veya psikolojik k\u0131s\u0131tlamalar\u0131 nedeniyle kat\u0131l\u0131m i\u00e7in yard\u0131ma ihtiya\u00e7 duyan Schaumburglular\u0131 destekliyoruz. ENGELLI\u0307LER, ENGELLI\u0307LI\u0307K RI\u0307SKI\u0307 ALTINDAKI\u0307LER VE AI\u0307LELERI\u0307 I\u0307\u00c7I\u0307N [&hellip;]<\/p>\n","protected":false},"author":7,"featured_media":830,"parent":0,"menu_order":0,"comment_status":"closed","ping_status":"closed","template":"","meta":{"inline_featured_image":false,"footnotes":""},"class_list":["post-2906","page","type-page","status-publish","has-post-thumbnail","hentry"],"yoast_head":"<!-- This site is optimized with the Yoast SEO plugin v27.4 - https:\/\/yoast.com\/product\/yoast-seo-wordpress\/ -->\n<title>Noel arkada\u015f\u0131 - ZEPGIS - Zentrum f\u00fcr psychosoziale Gesundheit in Schaumburg<\/title>\n<meta name=\"description\" content=\"Schaumburg&#039;da faaliyet g\u00f6steren modern ve yenilik\u00e7i bir kurulu\u015f olarak, engelli ve k\u0131s\u0131tl\u0131 t\u00fcm insanlar\u0131n sosyal hayata eri\u015fimini sa\u011flamaya kararl\u0131y\u0131z.\" \/>\n<meta name=\"robots\" content=\"index, follow, max-snippet:-1, max-image-preview:large, max-video-preview:-1\" \/>\n<link rel=\"canonical\" href=\"https:\/\/zepgis.de\/tr\/zepgis-e-v\/\" \/>\n<meta property=\"og:locale\" content=\"tr_TR\" \/>\n<meta property=\"og:type\" content=\"article\" \/>\n<meta property=\"og:title\" content=\"EUTB Schaumburg - Tamamlay\u0131c\u0131 ba\u011f\u0131ms\u0131z kat\u0131l\u0131m dan\u0131\u015fmanl\u0131\u011f\u0131\" \/>\n<meta property=\"og:description\" content=\"Rehabilitasyonun t\u00fcm y\u00f6nleri ve a\u015fa\u011f\u0131daki ya\u015fam alanlar\u0131na kat\u0131l\u0131m konusunda \u00fccretsiz dan\u0131\u015fmanl\u0131k hizmeti veriyoruz: bar\u0131nma, i\u015f, bo\u015f zaman, hareketlilik, e\u011fitim\" \/>\n<meta property=\"og:url\" content=\"https:\/\/zepgis.de\/tr\/zepgis-e-v\/\" \/>\n<meta property=\"og:site_name\" content=\"ZEPGIS - Zentrum f\u00fcr psychosoziale Gesundheit in Schaumburg\" \/>\n<meta property=\"article:modified_time\" content=\"2025-11-16T12:53:29+00:00\" \/>\n<meta property=\"og:image\" content=\"https:\/\/zepgis.de\/wp-content\/uploads\/2023\/04\/logo_eutb.png\" \/>\n<meta name=\"twitter:card\" content=\"summary_large_image\" \/>\n<meta name=\"twitter:title\" content=\"EUTB Schaumburg - Tamamlay\u0131c\u0131 ba\u011f\u0131ms\u0131z kat\u0131l\u0131m dan\u0131\u015fmanl\u0131\u011f\u0131\" \/>\n<meta name=\"twitter:description\" content=\"Rehabilitasyonun t\u00fcm y\u00f6nleri ve a\u015fa\u011f\u0131daki ya\u015fam alanlar\u0131na kat\u0131l\u0131m konusunda \u00fccretsiz dan\u0131\u015fmanl\u0131k hizmeti veriyoruz: bar\u0131nma, i\u015f, bo\u015f zaman, hareketlilik, e\u011fitim\" \/>\n<meta name=\"twitter:image\" content=\"https:\/\/zepgis.de\/wp-content\/uploads\/2023\/04\/logo_eutb.png\" \/>\n<meta name=\"twitter:label1\" content=\"Tahmini okuma s\u00fcresi\" \/>\n\t<meta name=\"twitter:data1\" content=\"8 dakika\" \/>\n<!-- \/ Yoast SEO plugin. -->","yoast_head_json":{"title":"Noel arkada\u015f\u0131 - ZEPGIS - Zentrum f\u00fcr psychosoziale Gesundheit in Schaumburg","description":"Schaumburg'da faaliyet g\u00f6steren modern ve yenilik\u00e7i bir kurulu\u015f olarak, engelli ve k\u0131s\u0131tl\u0131 t\u00fcm insanlar\u0131n sosyal hayata eri\u015fimini sa\u011flamaya kararl\u0131y\u0131z.","robots":{"index":"index","follow":"follow","max-snippet":"max-snippet:-1","max-image-preview":"max-image-preview:large","max-video-preview":"max-video-preview:-1"},"canonical":"https:\/\/zepgis.de\/tr\/zepgis-e-v\/","og_locale":"tr_TR","og_type":"article","og_title":"EUTB Schaumburg - Tamamlay\u0131c\u0131 ba\u011f\u0131ms\u0131z kat\u0131l\u0131m dan\u0131\u015fmanl\u0131\u011f\u0131","og_description":"Rehabilitasyonun t\u00fcm y\u00f6nleri ve a\u015fa\u011f\u0131daki ya\u015fam alanlar\u0131na kat\u0131l\u0131m konusunda \u00fccretsiz dan\u0131\u015fmanl\u0131k hizmeti veriyoruz: bar\u0131nma, i\u015f, bo\u015f zaman, hareketlilik, e\u011fitim","og_url":"https:\/\/zepgis.de\/tr\/zepgis-e-v\/","og_site_name":"ZEPGIS - Zentrum f\u00fcr psychosoziale Gesundheit in Schaumburg","article_modified_time":"2025-11-16T12:53:29+00:00","og_image":[{"url":"https:\/\/zepgis.de\/wp-content\/uploads\/2023\/04\/logo_eutb.png","type":"","width":"","height":""}],"twitter_card":"summary_large_image","twitter_title":"EUTB Schaumburg - Tamamlay\u0131c\u0131 ba\u011f\u0131ms\u0131z kat\u0131l\u0131m dan\u0131\u015fmanl\u0131\u011f\u0131","twitter_description":"Rehabilitasyonun t\u00fcm y\u00f6nleri ve a\u015fa\u011f\u0131daki ya\u015fam alanlar\u0131na kat\u0131l\u0131m konusunda \u00fccretsiz dan\u0131\u015fmanl\u0131k hizmeti veriyoruz: bar\u0131nma, i\u015f, bo\u015f zaman, hareketlilik, e\u011fitim","twitter_image":"https:\/\/zepgis.de\/wp-content\/uploads\/2023\/04\/logo_eutb.png","twitter_misc":{"Tahmini okuma s\u00fcresi":"8 dakika"},"schema":{"@context":"https:\/\/schema.org","@graph":[{"@type":"WebPage","@id":"https:\/\/zepgis.de\/tr\/zepgis-e-v\/","url":"https:\/\/zepgis.de\/tr\/zepgis-e-v\/","name":"Noel arkada\u015f\u0131 - ZEPGIS - Zentrum f\u00fcr psychosoziale Gesundheit in Schaumburg","isPartOf":{"@id":"https:\/\/zepgis.de\/tr\/#website"},"primaryImageOfPage":{"@id":"https:\/\/zepgis.de\/tr\/zepgis-e-v\/#primaryimage"},"image":{"@id":"https:\/\/zepgis.de\/tr\/zepgis-e-v\/#primaryimage"},"thumbnailUrl":"https:\/\/zepgis.de\/wp-content\/uploads\/2023\/04\/logo_eutb.png","datePublished":"2025-11-16T12:53:08+00:00","dateModified":"2025-11-16T12:53:29+00:00","description":"Schaumburg'da faaliyet g\u00f6steren modern ve yenilik\u00e7i bir kurulu\u015f olarak, engelli ve k\u0131s\u0131tl\u0131 t\u00fcm insanlar\u0131n sosyal hayata eri\u015fimini sa\u011flamaya kararl\u0131y\u0131z.","breadcrumb":{"@id":"https:\/\/zepgis.de\/tr\/zepgis-e-v\/#breadcrumb"},"inLanguage":"tr","potentialAction":[{"@type":"ReadAction","target":["https:\/\/zepgis.de\/tr\/zepgis-e-v\/"]}]},{"@type":"ImageObject","inLanguage":"tr","@id":"https:\/\/zepgis.de\/tr\/zepgis-e-v\/#primaryimage","url":"https:\/\/zepgis.de\/wp-content\/uploads\/2023\/04\/logo_eutb.png","contentUrl":"https:\/\/zepgis.de\/wp-content\/uploads\/2023\/04\/logo_eutb.png","width":1010,"height":434},{"@type":"BreadcrumbList","@id":"https:\/\/zepgis.de\/tr\/zepgis-e-v\/#breadcrumb","itemListElement":[{"@type":"ListItem","position":1,"name":"Startseite","item":"https:\/\/zepgis.de\/tr\/"},{"@type":"ListItem","position":2,"name":"Noel arkada\u015f\u0131"}]},{"@type":"WebSite","@id":"https:\/\/zepgis.de\/tr\/#website","url":"https:\/\/zepgis.de\/tr\/","name":"ZePGiS e.V. - Zentrum f\u00fcr psychosoziale Gesundheit in Schaumburg","description":"","publisher":{"@id":"https:\/\/zepgis.de\/tr\/#organization"},"potentialAction":[{"@type":"SearchAction","target":{"@type":"EntryPoint","urlTemplate":"https:\/\/zepgis.de\/tr\/?s={search_term_string}"},"query-input":{"@type":"PropertyValueSpecification","valueRequired":true,"valueName":"search_term_string"}}],"inLanguage":"tr"},{"@type":"Organization","@id":"https:\/\/zepgis.de\/tr\/#organization","name":"ZEPGIS - Zentrum f\u00fcr psychosoziale Gesundheit in Schaumburg","url":"https:\/\/zepgis.de\/tr\/","logo":{"@type":"ImageObject","inLanguage":"tr","@id":"https:\/\/zepgis.de\/tr\/#\/schema\/logo\/image\/","url":"https:\/\/zepgis.de\/wp-content\/uploads\/2024\/02\/Logo_Web.svg","contentUrl":"https:\/\/zepgis.de\/wp-content\/uploads\/2024\/02\/Logo_Web.svg","width":198,"height":100,"caption":"ZEPGIS - Zentrum f\u00fcr psychosoziale Gesundheit in Schaumburg"},"image":{"@id":"https:\/\/zepgis.de\/tr\/#\/schema\/logo\/image\/"}}]}},"_links":{"self":[{"href":"https:\/\/zepgis.de\/tr\/wp-json\/wp\/v2\/pages\/2906","targetHints":{"allow":["GET"]}}],"collection":[{"href":"https:\/\/zepgis.de\/tr\/wp-json\/wp\/v2\/pages"}],"about":[{"href":"https:\/\/zepgis.de\/tr\/wp-json\/wp\/v2\/types\/page"}],"author":[{"embeddable":true,"href":"https:\/\/zepgis.de\/tr\/wp-json\/wp\/v2\/users\/7"}],"replies":[{"embeddable":true,"href":"https:\/\/zepgis.de\/tr\/wp-json\/wp\/v2\/comments?post=2906"}],"version-history":[{"count":2,"href":"https:\/\/zepgis.de\/tr\/wp-json\/wp\/v2\/pages\/2906\/revisions"}],"predecessor-version":[{"id":2924,"href":"https:\/\/zepgis.de\/tr\/wp-json\/wp\/v2\/pages\/2906\/revisions\/2924"}],"wp:featuredmedia":[{"embeddable":true,"href":"https:\/\/zepgis.de\/tr\/wp-json\/wp\/v2\/media\/830"}],"wp:attachment":[{"href":"https:\/\/zepgis.de\/tr\/wp-json\/wp\/v2\/media?parent=2906"}],"curies":[{"name":"wp","href":"https:\/\/api.w.org\/{rel}","templated":true}]}}