{"id":885,"date":"2022-02-28T15:12:23","date_gmt":"2022-02-28T13:12:23","guid":{"rendered":"https:\/\/zepgis.de\/erisilebilirlik-bildirgesi\/"},"modified":"2025-07-15T11:23:37","modified_gmt":"2025-07-15T09:23:37","slug":"erisilebilirlik-bildirgesi","status":"publish","type":"page","link":"https:\/\/zepgis.de\/tr\/erisilebilirlik-bildirgesi\/","title":{"rendered":"Eri\u015filebilirlik Bildirgesi"},"content":{"rendered":"\n<p>Web sitesi operat\u00f6r\u00fc olarak biz (ZePGiS e. V. &#8211; Schaumburg Psikososyal Sa\u011fl\u0131k Merkezi) web sitesini ilgili eri\u015filebilirlik d\u00fczenlemelerine uygun olarak tasarlamaya \u00e7al\u0131\u015f\u0131yoruz. A\u015fa\u011f\u0131daki yasal h\u00fck\u00fcmler bizim i\u00e7in ge\u00e7erlidir: <\/p>\n\n<p>A\u015fa\u011f\u0131 Saksonya Engelliler E\u015fitlik Yasas\u0131 (NBGG)<\/p>\n\n<h2 class=\"wp-block-heading\">Web sitesi<\/h2>\n\n<p>Bu eri\u015filebilirlik beyan\u0131 <a href=\"https:\/\/zepgis.de\/tr\/\">https:\/\/zepgis.de<\/a> web sitesi i\u00e7in ge\u00e7erlidir.<\/p>\n\n<h3 class=\"wp-block-heading\">Web sitesinin yay\u0131nlanma tarihi<\/h3>\n\n<p>Bu web sitesi 13\/09\/2024 tarihinde yay\u0131nlanm\u0131\u015ft\u0131r.<\/p>\n\n<h3 class=\"wp-block-heading\">Web sitesinin son g\u00fcncellemesi<\/h3>\n\n<p>Bu web sitesinin i\u00e7eri\u011fi en son 13\/09\/2024 tarihinde revize edilmi\u015ftir.<\/p>\n\n<h2 class=\"wp-block-heading\">Geri bildirim ve ileti\u015fim bilgileri<\/h2>\n\n<p>Web sitemizdeki i\u00e7eri\u011fin eri\u015filebilirli\u011finde herhangi bir eksiklik fark ettiniz mi veya eri\u015filebilirlik hakk\u0131nda herhangi bir yorumunuz veya sorunuz var m\u0131? L\u00fctfen bizimle ileti\u015fime ge\u00e7in: <\/p>\n\n<p>ZePGiS e. V.<br\/>Schaumburg Psikososyal Sa\u011fl\u0131k Merkezi<br\/>Echternstra\u00dfe 5<br\/>31655 Stadthagen<br\/><br\/>Telefon: +49 (0)5721 9965276<br\/>E-posta: info@zepgis.de<br\/><br\/>Dernekler sicili: VR 200370<br\/>Sicil mahkemesi: Stadthagen Yerel Mahkemesi<br\/><br\/>Temsil eden:<br\/>Liane Martens<br\/>Kerstin Thieler<br\/>Klaus Strempel<br\/><br\/>ZePGiS e.V. \/ EUTB Schaumburg Ba\u015fkan\u0131: Sunita Maria Kumar<br\/><a href=\"https:\/\/zepgis.de\/#kontakt\">https:\/\/zepgis.de\/#kontakt<\/a><\/p>\n\n<h2 class=\"wp-block-heading\">Gereksinimlerle uyumluluk durumu<\/h2>\n\n<p>Bu web sitesi \u015fu anda eri\u015filebilirlik gerekliliklerine uygunluk a\u00e7\u0131s\u0131ndan kontrol edilmektedir. Sonu\u00e7lar elde edilir edilmez burada yay\u0131nlayaca\u011f\u0131z. <\/p>\n\n<h2 class=\"wp-block-heading\">Eri\u015filebilirli\u011fe ili\u015fkin de\u011ferlendirme raporu<\/h2>\n\n<p>Web sitemizin eri\u015filebilirli\u011fine ili\u015fkin de\u011ferlendirme, buradan eri\u015febilece\u011finiz bir de\u011ferlendirme raporunda \u00f6zetlenmi\u015ftir: <a href=\"https:\/\/wave.webaim.org\/report#\/eutb-schaumburg.de\">https:\/\/wave.webaim.org\/report#\/eutb-schaumburg.de<\/a><\/p>\n\n<h2 class=\"wp-block-heading\">\u0130cra takibi<\/h2>\n\n<p>Web sitemizin yetersiz eri\u015filebilirli\u011fi nedeniyle dezavantajl\u0131 duruma d\u00fc\u015ft\u00fc\u011f\u00fcn\u00fcz\u00fc d\u00fc\u015f\u00fcn\u00fcyorsan\u0131z, ilgili y\u00fcr\u00fctme organ\u0131 ile ileti\u015fime ge\u00e7ebilirsiniz. Onlara \u015fu adresten ula\u015fabilirsiniz: <\/p>\n\n<p>Eyalet Engelliler Komiseri<br\/>Hannah-Arendt-Platz 2<br\/>30159 Hanover<\/p>\n\n<p>Telefon: 0511 120-4007<br\/>Faks: 0511 120-99-4036<br\/>E-posta: <a href=\"mailto:Landesbeauftragte@ms.niedersachsen.de\">Landesbeauftragte@ms.niedersachsen.de<\/a><\/p>\n\n<h2 class=\"wp-block-heading\">Eri\u015filebilirlik hakk\u0131nda di\u011fer bilgiler<\/h2>\n\n<p>Web sitesinin eri\u015filebilirli\u011fi, analiz arac\u0131n\u0131n sonu\u00e7lar\u0131na g\u00f6re s\u00fcrekli olarak iyile\u015ftirilmektedir.<\/p>\n\n<h2 class=\"wp-block-heading\">Bu eri\u015filebilirlik beyan\u0131n\u0131n haz\u0131rlanmas\u0131<\/h2>\n\n<p>Bu beyanname 10\/09\/2024 tarihinde haz\u0131rlanm\u0131\u015ft\u0131r.<\/p>\n\n<p>Beyanname en son 10\/09\/2024 tarihinde g\u00f6zden ge\u00e7irilmi\u015ftir.<\/p>\n","protected":false},"excerpt":{"rendered":"<p>Web sitesi operat\u00f6r\u00fc olarak biz (ZePGiS e. V. &#8211; Schaumburg Psikososyal Sa\u011fl\u0131k Merkezi) web sitesini ilgili eri\u015filebilirlik d\u00fczenlemelerine uygun olarak tasarlamaya \u00e7al\u0131\u015f\u0131yoruz. A\u015fa\u011f\u0131daki yasal h\u00fck\u00fcmler bizim i\u00e7in ge\u00e7erlidir: A\u015fa\u011f\u0131 Saksonya Engelliler E\u015fitlik Yasas\u0131 (NBGG) Web sitesi Bu eri\u015filebilirlik beyan\u0131 https:\/\/zepgis.de web sitesi i\u00e7in ge\u00e7erlidir. Web sitesinin yay\u0131nlanma tarihi Bu web sitesi 13\/09\/2024 tarihinde yay\u0131nlanm\u0131\u015ft\u0131r. Web [&hellip;]<\/p>\n","protected":false},"author":1,"featured_media":0,"parent":0,"menu_order":0,"comment_status":"closed","ping_status":"closed","template":"","meta":{"inline_featured_image":false,"footnotes":""},"class_list":["post-885","page","type-page","status-publish","hentry"],"yoast_head":"<!-- This site is optimized with the Yoast SEO plugin v27.4 - https:\/\/yoast.com\/product\/yoast-seo-wordpress\/ -->\n<title>Eri\u015filebilirlik Bildirgesi - ZEPGIS - Zentrum f\u00fcr psychosoziale Gesundheit in Schaumburg<\/title>\n<meta name=\"robots\" content=\"noindex, nofollow\" \/>\n<meta property=\"og:locale\" content=\"tr_TR\" \/>\n<meta property=\"og:type\" content=\"article\" \/>\n<meta property=\"og:title\" content=\"Eri\u015filebilirlik Bildirgesi - ZEPGIS - Zentrum f\u00fcr psychosoziale Gesundheit in Schaumburg\" \/>\n<meta property=\"og:description\" content=\"Web sitesi operat\u00f6r\u00fc olarak biz (ZePGiS e. V. &#8211; Schaumburg Psikososyal Sa\u011fl\u0131k Merkezi) web sitesini ilgili eri\u015filebilirlik d\u00fczenlemelerine uygun olarak tasarlamaya \u00e7al\u0131\u015f\u0131yoruz. A\u015fa\u011f\u0131daki yasal h\u00fck\u00fcmler bizim i\u00e7in ge\u00e7erlidir: A\u015fa\u011f\u0131 Saksonya Engelliler E\u015fitlik Yasas\u0131 (NBGG) Web sitesi Bu eri\u015filebilirlik beyan\u0131 https:\/\/zepgis.de web sitesi i\u00e7in ge\u00e7erlidir. Web sitesinin yay\u0131nlanma tarihi Bu web sitesi 13\/09\/2024 tarihinde yay\u0131nlanm\u0131\u015ft\u0131r. Web [&hellip;]\" \/>\n<meta property=\"og:url\" content=\"https:\/\/zepgis.de\/tr\/erisilebilirlik-bildirgesi\/\" \/>\n<meta property=\"og:site_name\" content=\"ZEPGIS - Zentrum f\u00fcr psychosoziale Gesundheit in Schaumburg\" \/>\n<meta property=\"article:modified_time\" content=\"2025-07-15T09:23:37+00:00\" \/>\n<meta name=\"twitter:card\" content=\"summary_large_image\" \/>\n<meta name=\"twitter:label1\" content=\"Tahmini okuma s\u00fcresi\" \/>\n\t<meta name=\"twitter:data1\" content=\"2 dakika\" \/>\n<!-- \/ Yoast SEO plugin. -->","yoast_head_json":{"title":"Eri\u015filebilirlik Bildirgesi - ZEPGIS - Zentrum f\u00fcr psychosoziale Gesundheit in Schaumburg","robots":{"index":"noindex","follow":"nofollow"},"og_locale":"tr_TR","og_type":"article","og_title":"Eri\u015filebilirlik Bildirgesi - ZEPGIS - Zentrum f\u00fcr psychosoziale Gesundheit in Schaumburg","og_description":"Web sitesi operat\u00f6r\u00fc olarak biz (ZePGiS e. V. &#8211; Schaumburg Psikososyal Sa\u011fl\u0131k Merkezi) web sitesini ilgili eri\u015filebilirlik d\u00fczenlemelerine uygun olarak tasarlamaya \u00e7al\u0131\u015f\u0131yoruz. A\u015fa\u011f\u0131daki yasal h\u00fck\u00fcmler bizim i\u00e7in ge\u00e7erlidir: A\u015fa\u011f\u0131 Saksonya Engelliler E\u015fitlik Yasas\u0131 (NBGG) Web sitesi Bu eri\u015filebilirlik beyan\u0131 https:\/\/zepgis.de web sitesi i\u00e7in ge\u00e7erlidir. Web sitesinin yay\u0131nlanma tarihi Bu web sitesi 13\/09\/2024 tarihinde yay\u0131nlanm\u0131\u015ft\u0131r. Web [&hellip;]","og_url":"https:\/\/zepgis.de\/tr\/erisilebilirlik-bildirgesi\/","og_site_name":"ZEPGIS - Zentrum f\u00fcr psychosoziale Gesundheit in Schaumburg","article_modified_time":"2025-07-15T09:23:37+00:00","twitter_card":"summary_large_image","twitter_misc":{"Tahmini okuma s\u00fcresi":"2 dakika"},"schema":{"@context":"https:\/\/schema.org","@graph":[{"@type":"WebPage","@id":"https:\/\/zepgis.de\/tr\/erisilebilirlik-bildirgesi\/","url":"https:\/\/zepgis.de\/tr\/erisilebilirlik-bildirgesi\/","name":"Eri\u015filebilirlik Bildirgesi - ZEPGIS - Zentrum f\u00fcr psychosoziale Gesundheit in Schaumburg","isPartOf":{"@id":"https:\/\/zepgis.de\/tr\/#website"},"datePublished":"2022-02-28T13:12:23+00:00","dateModified":"2025-07-15T09:23:37+00:00","breadcrumb":{"@id":"https:\/\/zepgis.de\/tr\/erisilebilirlik-bildirgesi\/#breadcrumb"},"inLanguage":"tr","potentialAction":[{"@type":"ReadAction","target":["https:\/\/zepgis.de\/tr\/erisilebilirlik-bildirgesi\/"]}]},{"@type":"BreadcrumbList","@id":"https:\/\/zepgis.de\/tr\/erisilebilirlik-bildirgesi\/#breadcrumb","itemListElement":[{"@type":"ListItem","position":1,"name":"Startseite","item":"https:\/\/zepgis.de\/tr\/"},{"@type":"ListItem","position":2,"name":"Eri\u015filebilirlik Bildirgesi"}]},{"@type":"WebSite","@id":"https:\/\/zepgis.de\/tr\/#website","url":"https:\/\/zepgis.de\/tr\/","name":"ZePGiS e.V. - Zentrum f\u00fcr psychosoziale Gesundheit in Schaumburg","description":"","publisher":{"@id":"https:\/\/zepgis.de\/tr\/#organization"},"potentialAction":[{"@type":"SearchAction","target":{"@type":"EntryPoint","urlTemplate":"https:\/\/zepgis.de\/tr\/?s={search_term_string}"},"query-input":{"@type":"PropertyValueSpecification","valueRequired":true,"valueName":"search_term_string"}}],"inLanguage":"tr"},{"@type":"Organization","@id":"https:\/\/zepgis.de\/tr\/#organization","name":"ZEPGIS - Zentrum f\u00fcr psychosoziale Gesundheit in Schaumburg","url":"https:\/\/zepgis.de\/tr\/","logo":{"@type":"ImageObject","inLanguage":"tr","@id":"https:\/\/zepgis.de\/tr\/#\/schema\/logo\/image\/","url":"https:\/\/zepgis.de\/wp-content\/uploads\/2024\/02\/Logo_Web.svg","contentUrl":"https:\/\/zepgis.de\/wp-content\/uploads\/2024\/02\/Logo_Web.svg","width":198,"height":100,"caption":"ZEPGIS - Zentrum f\u00fcr psychosoziale Gesundheit in Schaumburg"},"image":{"@id":"https:\/\/zepgis.de\/tr\/#\/schema\/logo\/image\/"}}]}},"_links":{"self":[{"href":"https:\/\/zepgis.de\/tr\/wp-json\/wp\/v2\/pages\/885","targetHints":{"allow":["GET"]}}],"collection":[{"href":"https:\/\/zepgis.de\/tr\/wp-json\/wp\/v2\/pages"}],"about":[{"href":"https:\/\/zepgis.de\/tr\/wp-json\/wp\/v2\/types\/page"}],"author":[{"embeddable":true,"href":"https:\/\/zepgis.de\/tr\/wp-json\/wp\/v2\/users\/1"}],"replies":[{"embeddable":true,"href":"https:\/\/zepgis.de\/tr\/wp-json\/wp\/v2\/comments?post=885"}],"version-history":[{"count":2,"href":"https:\/\/zepgis.de\/tr\/wp-json\/wp\/v2\/pages\/885\/revisions"}],"predecessor-version":[{"id":2750,"href":"https:\/\/zepgis.de\/tr\/wp-json\/wp\/v2\/pages\/885\/revisions\/2750"}],"wp:attachment":[{"href":"https:\/\/zepgis.de\/tr\/wp-json\/wp\/v2\/media?parent=885"}],"curies":[{"name":"wp","href":"https:\/\/api.w.org\/{rel}","templated":true}]}}